{"id":1355,"date":"2023-02-15T15:08:32","date_gmt":"2023-02-15T20:08:32","guid":{"rendered":"https:\/\/observatorioarmenia.org\/site\/?page_id=1355"},"modified":"2026-04-15T14:45:25","modified_gmt":"2026-04-15T19:45:25","slug":"2-1-observatorio-fiscal","status":"publish","type":"page","link":"https:\/\/observatorioarmenia.org\/site\/2-1-observatorio-fiscal\/","title":{"rendered":"2.1 Observatorio Fiscal"},"content":{"rendered":"<div class=\"wp-block-image\">\n<figure class=\"aligncenter size-full is-resized\"><img loading=\"lazy\" decoding=\"async\" width=\"576\" height=\"384\" src=\"https:\/\/observatorioarmenia.org\/site\/wp-content\/uploads\/2025\/11\/FISCAL-1.png\" alt=\"\" class=\"wp-image-6911\" style=\"width:268px;height:auto\" srcset=\"https:\/\/observatorioarmenia.org\/site\/wp-content\/uploads\/2025\/11\/FISCAL-1.png 576w, https:\/\/observatorioarmenia.org\/site\/wp-content\/uploads\/2025\/11\/FISCAL-1-300x200.png 300w\" sizes=\"auto, (max-width: 576px) 100vw, 576px\" \/><\/figure>\n<\/div>\n\n\n<p>Consulte las notas del Observatorio Fiscal de la Secretar\u00eda de Hacienda de Armenia:<\/p>\n\n\n\n<figure class=\"wp-block-embed is-type-wp-embed is-provider-proyecto-armenia wp-block-embed-proyecto-armenia\"><div class=\"wp-block-embed__wrapper\">\n<blockquote class=\"wp-embedded-content\" data-secret=\"osPiwSyZj3\"><a href=\"https:\/\/observatorioarmenia.org\/site\/uncategorized\/observatorio-fiscal-indice-de-pobreza-multidimensional-2025\/\">Observatorio Fiscal: \u00cdndice de Pobreza Multidimensional 2025<\/a><\/blockquote><iframe loading=\"lazy\" class=\"wp-embedded-content\" sandbox=\"allow-scripts\" security=\"restricted\" style=\"position: absolute; visibility: hidden;\" title=\"&#8220;Observatorio Fiscal: \u00cdndice de Pobreza Multidimensional 2025&#8221; &#8212; Proyecto Armenia\" src=\"https:\/\/observatorioarmenia.org\/site\/uncategorized\/observatorio-fiscal-indice-de-pobreza-multidimensional-2025\/embed\/#?secret=4ph1ZpuZZ6#?secret=osPiwSyZj3\" data-secret=\"osPiwSyZj3\" width=\"600\" height=\"338\" frameborder=\"0\" marginwidth=\"0\" marginheight=\"0\" scrolling=\"no\"><\/iframe>\n<\/div><\/figure>\n\n\n\n<figure class=\"wp-block-embed is-type-wp-embed is-provider-proyecto-armenia wp-block-embed-proyecto-armenia\"><div class=\"wp-block-embed__wrapper\">\n<blockquote class=\"wp-embedded-content\" data-secret=\"QTp3Mtn2pH\"><a href=\"https:\/\/observatorioarmenia.org\/site\/uncategorized\/observatorio-fiscal-la-junta-directiva-del-banco-de-la-republica-sube-la-tasa-al-1125-decision-debate-institucional-e-implicaciones-locales\/\">Observatorio Fiscal: La Junta Directiva del Banco de la Rep\u00fablica sube la tasa al 11,25%: decisi\u00f3n, debate institucional e implicaciones locales<\/a><\/blockquote><iframe loading=\"lazy\" class=\"wp-embedded-content\" sandbox=\"allow-scripts\" security=\"restricted\" style=\"position: absolute; visibility: hidden;\" title=\"&#8220;Observatorio Fiscal: La Junta Directiva del Banco de la Rep\u00fablica sube la tasa al 11,25%: decisi\u00f3n, debate institucional e implicaciones locales&#8221; &#8212; Proyecto Armenia\" src=\"https:\/\/observatorioarmenia.org\/site\/uncategorized\/observatorio-fiscal-la-junta-directiva-del-banco-de-la-republica-sube-la-tasa-al-1125-decision-debate-institucional-e-implicaciones-locales\/embed\/#?secret=ha8bbJee4K#?secret=QTp3Mtn2pH\" data-secret=\"QTp3Mtn2pH\" width=\"600\" height=\"338\" frameborder=\"0\" marginwidth=\"0\" marginheight=\"0\" scrolling=\"no\"><\/iframe>\n<\/div><\/figure>\n\n\n\n<figure class=\"wp-block-embed is-type-wp-embed is-provider-proyecto-armenia wp-block-embed-proyecto-armenia\"><div class=\"wp-block-embed__wrapper\">\n<blockquote class=\"wp-embedded-content\" data-secret=\"Jhu1bVMtgu\"><a href=\"https:\/\/observatorioarmenia.org\/site\/uncategorized\/observatorio-fiscal-nacimientos-y-defunciones-no-fetales-2025-para-colombia-y-el-quindio\/\">Observatorio Fiscal: Nacimientos y Defunciones No Fetales 2025 para Colombia y el Quind\u00edo<\/a><\/blockquote><iframe loading=\"lazy\" class=\"wp-embedded-content\" sandbox=\"allow-scripts\" security=\"restricted\" style=\"position: absolute; visibility: hidden;\" title=\"&#8220;Observatorio Fiscal: Nacimientos y Defunciones No Fetales 2025 para Colombia y el Quind\u00edo&#8221; &#8212; Proyecto Armenia\" src=\"https:\/\/observatorioarmenia.org\/site\/uncategorized\/observatorio-fiscal-nacimientos-y-defunciones-no-fetales-2025-para-colombia-y-el-quindio\/embed\/#?secret=mlsA5w4Jfm#?secret=Jhu1bVMtgu\" data-secret=\"Jhu1bVMtgu\" width=\"600\" height=\"338\" frameborder=\"0\" marginwidth=\"0\" marginheight=\"0\" scrolling=\"no\"><\/iframe>\n<\/div><\/figure>\n\n\n\n<figure class=\"wp-block-embed is-type-wp-embed is-provider-proyecto-armenia wp-block-embed-proyecto-armenia\"><div class=\"wp-block-embed__wrapper\">\n<blockquote class=\"wp-embedded-content\" data-secret=\"xQeNJrDgD7\"><a href=\"https:\/\/observatorioarmenia.org\/site\/uncategorized\/observatorio-fiscal-como-afecta-el-deficit-fiscal-a-la-inversion-en-colombia\/\">Observatorio Fiscal: c\u00f3mo afecta el d\u00e9ficit fiscal a la inversi\u00f3n en Colombia<\/a><\/blockquote><iframe loading=\"lazy\" class=\"wp-embedded-content\" sandbox=\"allow-scripts\" security=\"restricted\" style=\"position: absolute; visibility: hidden;\" title=\"&#8220;Observatorio Fiscal: c\u00f3mo afecta el d\u00e9ficit fiscal a la inversi\u00f3n en Colombia&#8221; &#8212; Proyecto Armenia\" src=\"https:\/\/observatorioarmenia.org\/site\/uncategorized\/observatorio-fiscal-como-afecta-el-deficit-fiscal-a-la-inversion-en-colombia\/embed\/#?secret=VN8PO9718K#?secret=xQeNJrDgD7\" data-secret=\"xQeNJrDgD7\" width=\"600\" height=\"338\" frameborder=\"0\" marginwidth=\"0\" marginheight=\"0\" scrolling=\"no\"><\/iframe>\n<\/div><\/figure>\n\n\n\n<figure class=\"wp-block-embed is-type-wp-embed is-provider-proyecto-armenia wp-block-embed-proyecto-armenia\"><div class=\"wp-block-embed__wrapper\">\n<blockquote class=\"wp-embedded-content\" data-secret=\"vPnVgbjQP0\"><a href=\"https:\/\/observatorioarmenia.org\/site\/uncategorized\/observatorio-fiscal-educacion-superior-demografia-y-empleabilidad-una-mirada-prospectiva-para-armenia\/\">Observatorio Fiscal: Educaci\u00f3n superior, demograf\u00eda y empleabilidad: una mirada prospectiva para Armenia<\/a><\/blockquote><iframe loading=\"lazy\" class=\"wp-embedded-content\" sandbox=\"allow-scripts\" security=\"restricted\" style=\"position: absolute; visibility: hidden;\" title=\"&#8220;Observatorio Fiscal: Educaci\u00f3n superior, demograf\u00eda y empleabilidad: una mirada prospectiva para Armenia&#8221; &#8212; Proyecto Armenia\" src=\"https:\/\/observatorioarmenia.org\/site\/uncategorized\/observatorio-fiscal-educacion-superior-demografia-y-empleabilidad-una-mirada-prospectiva-para-armenia\/embed\/#?secret=m1dqy6hvXj#?secret=vPnVgbjQP0\" data-secret=\"vPnVgbjQP0\" width=\"600\" height=\"338\" frameborder=\"0\" marginwidth=\"0\" marginheight=\"0\" scrolling=\"no\"><\/iframe>\n<\/div><\/figure>\n\n\n\n<figure class=\"wp-block-embed is-type-wp-embed is-provider-proyecto-armenia wp-block-embed-proyecto-armenia\"><div class=\"wp-block-embed__wrapper\">\n<blockquote class=\"wp-embedded-content\" data-secret=\"PKwyBQRXCE\"><a href=\"https:\/\/observatorioarmenia.org\/site\/uncategorized\/observatorio-fiscal-analisis-de-las-exportaciones-colombianas-2025-y-su-impacto-en-el-quindio\/\">Observatorio Fiscal: An\u00e1lisis de las exportaciones colombianas 2025 y su impacto en el Quind\u00edo<\/a><\/blockquote><iframe loading=\"lazy\" class=\"wp-embedded-content\" sandbox=\"allow-scripts\" security=\"restricted\" style=\"position: absolute; visibility: hidden;\" title=\"&#8220;Observatorio Fiscal: An\u00e1lisis de las exportaciones colombianas 2025 y su impacto en el Quind\u00edo&#8221; &#8212; Proyecto Armenia\" src=\"https:\/\/observatorioarmenia.org\/site\/uncategorized\/observatorio-fiscal-analisis-de-las-exportaciones-colombianas-2025-y-su-impacto-en-el-quindio\/embed\/#?secret=4SKoBjzcxV#?secret=PKwyBQRXCE\" data-secret=\"PKwyBQRXCE\" width=\"600\" height=\"338\" frameborder=\"0\" marginwidth=\"0\" marginheight=\"0\" scrolling=\"no\"><\/iframe>\n<\/div><\/figure>\n\n\n\n<figure class=\"wp-block-embed is-type-wp-embed is-provider-proyecto-armenia wp-block-embed-proyecto-armenia\"><div class=\"wp-block-embed__wrapper\">\n<blockquote class=\"wp-embedded-content\" data-secret=\"H9oNvjaMXw\"><a href=\"https:\/\/observatorioarmenia.org\/site\/uncategorized\/observatorio-fiscal-el-banco-de-la-republica-rompe-la-pausa-analisis-de-la-decision-de-enero-2026-e-implicaciones-para-el-eje-cafetero\/\">Observatorio Fiscal: El banco de la rep\u00fablica rompe la pausa: an\u00e1lisis de la decisi\u00f3n de enero 2026 e implicaciones para el eje cafetero<\/a><\/blockquote><iframe loading=\"lazy\" class=\"wp-embedded-content\" sandbox=\"allow-scripts\" security=\"restricted\" style=\"position: absolute; visibility: hidden;\" title=\"&#8220;Observatorio Fiscal: El banco de la rep\u00fablica rompe la pausa: an\u00e1lisis de la decisi\u00f3n de enero 2026 e implicaciones para el eje cafetero&#8221; &#8212; Proyecto Armenia\" src=\"https:\/\/observatorioarmenia.org\/site\/uncategorized\/observatorio-fiscal-el-banco-de-la-republica-rompe-la-pausa-analisis-de-la-decision-de-enero-2026-e-implicaciones-para-el-eje-cafetero\/embed\/#?secret=CcPeeFQbx9#?secret=H9oNvjaMXw\" data-secret=\"H9oNvjaMXw\" width=\"600\" height=\"338\" frameborder=\"0\" marginwidth=\"0\" marginheight=\"0\" scrolling=\"no\"><\/iframe>\n<\/div><\/figure>\n\n\n\n<figure class=\"wp-block-embed is-type-wp-embed is-provider-proyecto-armenia wp-block-embed-proyecto-armenia\"><div class=\"wp-block-embed__wrapper\">\n<blockquote class=\"wp-embedded-content\" data-secret=\"hmAgBlDuWb\"><a href=\"https:\/\/observatorioarmenia.org\/site\/uncategorized\/observatorio-fiscal-efectos-para-armenia-de-la-eliminacion-del-peaje-de-circasia\/\">Observatorio Fiscal: efectos para Armenia de la eliminaci\u00f3n del peaje de Circasia<\/a><\/blockquote><iframe loading=\"lazy\" class=\"wp-embedded-content\" sandbox=\"allow-scripts\" security=\"restricted\" style=\"position: absolute; visibility: hidden;\" title=\"&#8220;Observatorio Fiscal: efectos para Armenia de la eliminaci\u00f3n del peaje de Circasia&#8221; &#8212; Proyecto Armenia\" src=\"https:\/\/observatorioarmenia.org\/site\/uncategorized\/observatorio-fiscal-efectos-para-armenia-de-la-eliminacion-del-peaje-de-circasia\/embed\/#?secret=PN85wTmwO7#?secret=hmAgBlDuWb\" data-secret=\"hmAgBlDuWb\" width=\"600\" height=\"338\" frameborder=\"0\" marginwidth=\"0\" marginheight=\"0\" scrolling=\"no\"><\/iframe>\n<\/div><\/figure>\n\n\n\n<figure class=\"wp-block-embed is-type-wp-embed is-provider-proyecto-armenia wp-block-embed-proyecto-armenia\"><div class=\"wp-block-embed__wrapper\">\n<blockquote class=\"wp-embedded-content\" data-secret=\"RQCu0thWFw\"><a href=\"https:\/\/observatorioarmenia.org\/site\/uncategorized\/observatorio-fiscal-el-salario-minimo-de-2026-efectos-legales-y-economicos\/\">Observatorio Fiscal: el salario m\u00ednimo de 2026, efectos legales y econ\u00f3micos<\/a><\/blockquote><iframe loading=\"lazy\" class=\"wp-embedded-content\" sandbox=\"allow-scripts\" security=\"restricted\" style=\"position: absolute; visibility: hidden;\" title=\"&#8220;Observatorio Fiscal: el salario m\u00ednimo de 2026, efectos legales y econ\u00f3micos&#8221; &#8212; Proyecto Armenia\" src=\"https:\/\/observatorioarmenia.org\/site\/uncategorized\/observatorio-fiscal-el-salario-minimo-de-2026-efectos-legales-y-economicos\/embed\/#?secret=6E1K6LFlGL#?secret=RQCu0thWFw\" data-secret=\"RQCu0thWFw\" width=\"600\" height=\"338\" frameborder=\"0\" marginwidth=\"0\" marginheight=\"0\" scrolling=\"no\"><\/iframe>\n<\/div><\/figure>\n\n\n\n<figure class=\"wp-block-embed is-type-wp-embed is-provider-proyecto-armenia wp-block-embed-proyecto-armenia\"><div class=\"wp-block-embed__wrapper\">\n<blockquote class=\"wp-embedded-content\" data-secret=\"aqgIMrQh4T\"><a href=\"https:\/\/observatorioarmenia.org\/site\/uncategorized\/observatorio-fiscal-que-nos-dicen-las-grandes-economias-sobre-el-2026\/\">Observatorio Fiscal: qu\u00e9 nos dicen las grandes econom\u00edas sobre el 2026<\/a><\/blockquote><iframe loading=\"lazy\" class=\"wp-embedded-content\" sandbox=\"allow-scripts\" security=\"restricted\" style=\"position: absolute; visibility: hidden;\" title=\"&#8220;Observatorio Fiscal: qu\u00e9 nos dicen las grandes econom\u00edas sobre el 2026&#8221; &#8212; Proyecto Armenia\" src=\"https:\/\/observatorioarmenia.org\/site\/uncategorized\/observatorio-fiscal-que-nos-dicen-las-grandes-economias-sobre-el-2026\/embed\/#?secret=KRLMUANgQV#?secret=aqgIMrQh4T\" data-secret=\"aqgIMrQh4T\" width=\"600\" height=\"338\" frameborder=\"0\" marginwidth=\"0\" marginheight=\"0\" scrolling=\"no\"><\/iframe>\n<\/div><\/figure>\n\n\n\n<figure class=\"wp-block-embed is-type-wp-embed is-provider-proyecto-armenia wp-block-embed-proyecto-armenia\"><div class=\"wp-block-embed__wrapper\">\n<blockquote class=\"wp-embedded-content\" data-secret=\"nZvHh6bqe8\"><a href=\"https:\/\/observatorioarmenia.org\/site\/uncategorized\/observatorio-fiscal-impacto-fiscal-de-los-costos-en-salud-del-departamento-del-quindio\/\">Observatorio Fiscal: impacto fiscal de los costos en salud del departamento del Quind\u00edo<\/a><\/blockquote><iframe loading=\"lazy\" class=\"wp-embedded-content\" sandbox=\"allow-scripts\" security=\"restricted\" style=\"position: absolute; visibility: hidden;\" title=\"&#8220;Observatorio Fiscal: impacto fiscal de los costos en salud del departamento del Quind\u00edo&#8221; &#8212; Proyecto Armenia\" src=\"https:\/\/observatorioarmenia.org\/site\/uncategorized\/observatorio-fiscal-impacto-fiscal-de-los-costos-en-salud-del-departamento-del-quindio\/embed\/#?secret=IVSUuYVaXm#?secret=nZvHh6bqe8\" data-secret=\"nZvHh6bqe8\" width=\"600\" height=\"338\" frameborder=\"0\" marginwidth=\"0\" marginheight=\"0\" scrolling=\"no\"><\/iframe>\n<\/div><\/figure>\n\n\n\n<figure class=\"wp-block-embed is-type-wp-embed is-provider-proyecto-armenia wp-block-embed-proyecto-armenia\"><div class=\"wp-block-embed__wrapper\">\n<blockquote class=\"wp-embedded-content\" data-secret=\"ldYMb5ACmy\"><a href=\"https:\/\/observatorioarmenia.org\/site\/uncategorized\/observatorio-fiscal-indice-de-competitividad-departamental\/\">Observatorio Fiscal: \u00cdndice de Competitividad Departamental, buenos resultados con desaf\u00edos regionales<\/a><\/blockquote><iframe loading=\"lazy\" class=\"wp-embedded-content\" sandbox=\"allow-scripts\" security=\"restricted\" style=\"position: absolute; visibility: hidden;\" title=\"&#8220;Observatorio Fiscal: \u00cdndice de Competitividad Departamental, buenos resultados con desaf\u00edos regionales&#8221; &#8212; Proyecto Armenia\" src=\"https:\/\/observatorioarmenia.org\/site\/uncategorized\/observatorio-fiscal-indice-de-competitividad-departamental\/embed\/#?secret=oZtKjMuWCJ#?secret=ldYMb5ACmy\" data-secret=\"ldYMb5ACmy\" width=\"600\" height=\"338\" frameborder=\"0\" marginwidth=\"0\" marginheight=\"0\" scrolling=\"no\"><\/iframe>\n<\/div><\/figure>\n\n\n\n<figure class=\"wp-block-embed is-type-wp-embed is-provider-proyecto-armenia wp-block-embed-proyecto-armenia\"><div class=\"wp-block-embed__wrapper\">\n<blockquote class=\"wp-embedded-content\" data-secret=\"NaOc8FzxsP\"><a href=\"https:\/\/observatorioarmenia.org\/site\/uncategorized\/observatorio-fiscal-perspectivas-sobre-la-decision-de-politica-monetaria-del-banco-de-la-republica-2\/\">Observatorio Fiscal: Perspectivas sobre la decisi\u00f3n de pol\u00edtica monetaria del Banco de la Rep\u00fablica<\/a><\/blockquote><iframe loading=\"lazy\" class=\"wp-embedded-content\" sandbox=\"allow-scripts\" security=\"restricted\" style=\"position: absolute; visibility: hidden;\" title=\"&#8220;Observatorio Fiscal: Perspectivas sobre la decisi\u00f3n de pol\u00edtica monetaria del Banco de la Rep\u00fablica&#8221; &#8212; Proyecto Armenia\" src=\"https:\/\/observatorioarmenia.org\/site\/uncategorized\/observatorio-fiscal-perspectivas-sobre-la-decision-de-politica-monetaria-del-banco-de-la-republica-2\/embed\/#?secret=iMLB5OQ3z9#?secret=NaOc8FzxsP\" data-secret=\"NaOc8FzxsP\" width=\"600\" height=\"338\" frameborder=\"0\" marginwidth=\"0\" marginheight=\"0\" scrolling=\"no\"><\/iframe>\n<\/div><\/figure>\n\n\n\n<figure class=\"wp-block-embed is-type-wp-embed is-provider-proyecto-armenia wp-block-embed-proyecto-armenia\"><div class=\"wp-block-embed__wrapper\">\n<blockquote class=\"wp-embedded-content\" data-secret=\"9lqq6O5P8R\"><a href=\"https:\/\/observatorioarmenia.org\/site\/uncategorized\/observatorio-fiscal-indice-de-ciudades-modernas-armenia-62-75-ibague-59-06-manizales-71-25-y-pereira-63-30\/\">Observatorio Fiscal: \u00cdndice de Ciudades Modernas, Armenia 62.75, Ibagu\u00e9 59.06, Manizales 71.25 y Pereira 63.30<\/a><\/blockquote><iframe loading=\"lazy\" class=\"wp-embedded-content\" sandbox=\"allow-scripts\" security=\"restricted\" style=\"position: absolute; visibility: hidden;\" title=\"&#8220;Observatorio Fiscal: \u00cdndice de Ciudades Modernas, Armenia 62.75, Ibagu\u00e9 59.06, Manizales 71.25 y Pereira 63.30&#8221; &#8212; Proyecto Armenia\" src=\"https:\/\/observatorioarmenia.org\/site\/uncategorized\/observatorio-fiscal-indice-de-ciudades-modernas-armenia-62-75-ibague-59-06-manizales-71-25-y-pereira-63-30\/embed\/#?secret=tn1wNQP7LM#?secret=9lqq6O5P8R\" data-secret=\"9lqq6O5P8R\" width=\"600\" height=\"338\" frameborder=\"0\" marginwidth=\"0\" marginheight=\"0\" scrolling=\"no\"><\/iframe>\n<\/div><\/figure>\n\n\n\n<figure class=\"wp-block-embed is-type-wp-embed is-provider-proyecto-armenia wp-block-embed-proyecto-armenia\"><div class=\"wp-block-embed__wrapper\">\n<blockquote class=\"wp-embedded-content\" data-secret=\"r4aNILPldM\"><a href=\"https:\/\/observatorioarmenia.org\/site\/uncategorized\/observatorio-fiscal-indice-de-competitividad-de-ciudades-icc-armenia-11-ibague-10-manizales-5-y-pereira-7-de-32-ciudades\/\">Observatorio Fiscal: \u00cdndice de Competitividad de Ciudades ICC Armenia 11, Ibagu\u00e9 10, Manizales 5 y Pereira 7 de 32 ciudades<\/a><\/blockquote><iframe loading=\"lazy\" class=\"wp-embedded-content\" sandbox=\"allow-scripts\" security=\"restricted\" style=\"position: absolute; visibility: hidden;\" title=\"&#8220;Observatorio Fiscal: \u00cdndice de Competitividad de Ciudades ICC Armenia 11, Ibagu\u00e9 10, Manizales 5 y Pereira 7 de 32 ciudades&#8221; &#8212; Proyecto Armenia\" src=\"https:\/\/observatorioarmenia.org\/site\/uncategorized\/observatorio-fiscal-indice-de-competitividad-de-ciudades-icc-armenia-11-ibague-10-manizales-5-y-pereira-7-de-32-ciudades\/embed\/#?secret=rFokz9AgMy#?secret=r4aNILPldM\" data-secret=\"r4aNILPldM\" width=\"600\" height=\"338\" frameborder=\"0\" marginwidth=\"0\" marginheight=\"0\" scrolling=\"no\"><\/iframe>\n<\/div><\/figure>\n\n\n\n<figure class=\"wp-block-embed is-type-wp-embed is-provider-proyecto-armenia wp-block-embed-proyecto-armenia\"><div class=\"wp-block-embed__wrapper\">\n<blockquote class=\"wp-embedded-content\" data-secret=\"9vDQzktmX5\"><a href=\"https:\/\/observatorioarmenia.org\/site\/uncategorized\/observatorio-fiscal-analisis-del-idf-2024-para-los-municipios-del-quindio\/\">Observatorio Fiscal: An\u00e1lisis del IDF 2024 para los municipios del Quind\u00edo<\/a><\/blockquote><iframe loading=\"lazy\" class=\"wp-embedded-content\" sandbox=\"allow-scripts\" security=\"restricted\" style=\"position: absolute; visibility: hidden;\" title=\"&#8220;Observatorio Fiscal: An\u00e1lisis del IDF 2024 para los municipios del Quind\u00edo&#8221; &#8212; Proyecto Armenia\" src=\"https:\/\/observatorioarmenia.org\/site\/uncategorized\/observatorio-fiscal-analisis-del-idf-2024-para-los-municipios-del-quindio\/embed\/#?secret=XieNjYGhbZ#?secret=9vDQzktmX5\" data-secret=\"9vDQzktmX5\" width=\"600\" height=\"338\" frameborder=\"0\" marginwidth=\"0\" marginheight=\"0\" scrolling=\"no\"><\/iframe>\n<\/div><\/figure>\n\n\n\n<figure class=\"wp-block-embed is-type-wp-embed is-provider-proyecto-armenia wp-block-embed-proyecto-armenia\"><div class=\"wp-block-embed__wrapper\">\n<blockquote class=\"wp-embedded-content\" data-secret=\"k6IrDiUKze\"><a href=\"https:\/\/observatorioarmenia.org\/site\/uncategorized\/observatorio-fiscal-dinamica-de-la-poblacion-de-25-a-54-anos-en-el-quindio-y-su-efecto-en-la-economia\/\">Observatorio Fiscal: din\u00e1mica de la poblaci\u00f3n de 25 a 54 a\u00f1os en el Quind\u00edo y su efecto en la econom\u00eda<\/a><\/blockquote><iframe loading=\"lazy\" class=\"wp-embedded-content\" sandbox=\"allow-scripts\" security=\"restricted\" style=\"position: absolute; visibility: hidden;\" title=\"&#8220;Observatorio Fiscal: din\u00e1mica de la poblaci\u00f3n de 25 a 54 a\u00f1os en el Quind\u00edo y su efecto en la econom\u00eda&#8221; &#8212; Proyecto Armenia\" src=\"https:\/\/observatorioarmenia.org\/site\/uncategorized\/observatorio-fiscal-dinamica-de-la-poblacion-de-25-a-54-anos-en-el-quindio-y-su-efecto-en-la-economia\/embed\/#?secret=fPAMm8BydG#?secret=k6IrDiUKze\" data-secret=\"k6IrDiUKze\" width=\"600\" height=\"338\" frameborder=\"0\" marginwidth=\"0\" marginheight=\"0\" scrolling=\"no\"><\/iframe>\n<\/div><\/figure>\n\n\n\n<figure class=\"wp-block-embed is-type-wp-embed is-provider-proyecto-armenia wp-block-embed-proyecto-armenia\"><div class=\"wp-block-embed__wrapper\">\n<blockquote class=\"wp-embedded-content\" data-secret=\"b9yBBPH5Mz\"><a href=\"https:\/\/observatorioarmenia.org\/site\/uncategorized\/observatorio-fiscal-el-banco-de-la-republica-mantiene-tasa-925-analisis-e-impacto-en-la-economia-colombiana\/\">Observatorio Fiscal: El Banco de la Rep\u00fablica mantiene tasa\u00a09,25\u00a0%: an\u00e1lisis e impacto en la econom\u00eda colombiana<\/a><\/blockquote><iframe loading=\"lazy\" class=\"wp-embedded-content\" sandbox=\"allow-scripts\" security=\"restricted\" style=\"position: absolute; visibility: hidden;\" title=\"&#8220;Observatorio Fiscal: El Banco de la Rep\u00fablica mantiene tasa\u00a09,25\u00a0%: an\u00e1lisis e impacto en la econom\u00eda colombiana&#8221; &#8212; Proyecto Armenia\" src=\"https:\/\/observatorioarmenia.org\/site\/uncategorized\/observatorio-fiscal-el-banco-de-la-republica-mantiene-tasa-925-analisis-e-impacto-en-la-economia-colombiana\/embed\/#?secret=BtbZr3J42N#?secret=b9yBBPH5Mz\" data-secret=\"b9yBBPH5Mz\" width=\"600\" height=\"338\" frameborder=\"0\" marginwidth=\"0\" marginheight=\"0\" scrolling=\"no\"><\/iframe>\n<\/div><\/figure>\n\n\n\n<figure class=\"wp-block-embed is-type-wp-embed is-provider-proyecto-armenia wp-block-embed-proyecto-armenia\"><div class=\"wp-block-embed__wrapper\">\n<blockquote class=\"wp-embedded-content\" data-secret=\"7dWCQzb23J\"><a href=\"https:\/\/observatorioarmenia.org\/site\/uncategorized\/observatorio-fiscal-indice-de-desempeno-fiscal-2024-entre-el-esfuerzo-propio-y-la-baja-ejecucion\/\">Observatorio Fiscal: \u00cdndice de Desempe\u00f1o Fiscal 2024, entre el esfuerzo propio y la baja ejecuci\u00f3n<\/a><\/blockquote><iframe loading=\"lazy\" class=\"wp-embedded-content\" sandbox=\"allow-scripts\" security=\"restricted\" style=\"position: absolute; visibility: hidden;\" title=\"&#8220;Observatorio Fiscal: \u00cdndice de Desempe\u00f1o Fiscal 2024, entre el esfuerzo propio y la baja ejecuci\u00f3n&#8221; &#8212; Proyecto Armenia\" src=\"https:\/\/observatorioarmenia.org\/site\/uncategorized\/observatorio-fiscal-indice-de-desempeno-fiscal-2024-entre-el-esfuerzo-propio-y-la-baja-ejecucion\/embed\/#?secret=egbsMRKFlL#?secret=7dWCQzb23J\" data-secret=\"7dWCQzb23J\" width=\"600\" height=\"338\" frameborder=\"0\" marginwidth=\"0\" marginheight=\"0\" scrolling=\"no\"><\/iframe>\n<\/div><\/figure>\n\n\n\n<figure class=\"wp-block-embed is-type-wp-embed is-provider-proyecto-armenia wp-block-embed-proyecto-armenia\"><div class=\"wp-block-embed__wrapper\">\n<blockquote class=\"wp-embedded-content\" data-secret=\"45Qxd1olHo\"><a href=\"https:\/\/observatorioarmenia.org\/site\/uncategorized\/observatorio-fiscal-perspectivas-sobre-la-decision-de-politica-monetaria-del-banco-de-la-republica\/\">Observatorio Fiscal: Perspectivas sobre la decisi\u00f3n de pol\u00edtica monetaria del Banco de la Rep\u00fablica<\/a><\/blockquote><iframe loading=\"lazy\" class=\"wp-embedded-content\" sandbox=\"allow-scripts\" security=\"restricted\" style=\"position: absolute; visibility: hidden;\" title=\"&#8220;Observatorio Fiscal: Perspectivas sobre la decisi\u00f3n de pol\u00edtica monetaria del Banco de la Rep\u00fablica&#8221; &#8212; Proyecto Armenia\" src=\"https:\/\/observatorioarmenia.org\/site\/uncategorized\/observatorio-fiscal-perspectivas-sobre-la-decision-de-politica-monetaria-del-banco-de-la-republica\/embed\/#?secret=QRKcNdYCAs#?secret=45Qxd1olHo\" data-secret=\"45Qxd1olHo\" width=\"600\" height=\"338\" frameborder=\"0\" marginwidth=\"0\" marginheight=\"0\" scrolling=\"no\"><\/iframe>\n<\/div><\/figure>\n\n\n\n<figure class=\"wp-block-embed is-type-wp-embed is-provider-proyecto-armenia wp-block-embed-proyecto-armenia\"><div class=\"wp-block-embed__wrapper\">\n<blockquote class=\"wp-embedded-content\" data-secret=\"NpkOwmvzdX\"><a href=\"https:\/\/observatorioarmenia.org\/site\/uncategorized\/observatorio-fiscal-efectos-de-la-apreciacion-del-peso-en-la-economia-del-quindio\/\">Observatorio Fiscal: efectos de la apreciaci\u00f3n del peso en la econom\u00eda del Quind\u00edo<\/a><\/blockquote><iframe loading=\"lazy\" class=\"wp-embedded-content\" sandbox=\"allow-scripts\" security=\"restricted\" style=\"position: absolute; visibility: hidden;\" title=\"&#8220;Observatorio Fiscal: efectos de la apreciaci\u00f3n del peso en la econom\u00eda del Quind\u00edo&#8221; &#8212; Proyecto Armenia\" src=\"https:\/\/observatorioarmenia.org\/site\/uncategorized\/observatorio-fiscal-efectos-de-la-apreciacion-del-peso-en-la-economia-del-quindio\/embed\/#?secret=NQNWkzoQFq#?secret=NpkOwmvzdX\" data-secret=\"NpkOwmvzdX\" width=\"600\" height=\"338\" frameborder=\"0\" marginwidth=\"0\" marginheight=\"0\" scrolling=\"no\"><\/iframe>\n<\/div><\/figure>\n\n\n\n<figure class=\"wp-block-embed is-type-wp-embed is-provider-proyecto-armenia wp-block-embed-proyecto-armenia\"><div class=\"wp-block-embed__wrapper\">\n<blockquote class=\"wp-embedded-content\" data-secret=\"1YJ6c76UUZ\"><a href=\"https:\/\/observatorioarmenia.org\/site\/uncategorized\/observatorio-fiscal-precio-del-cafe-se-mantendra-alto-hasta-el-ano-2028\/\">Observatorio Fiscal: precio del caf\u00e9 se mantendr\u00e1 alto hasta el a\u00f1o 2028<\/a><\/blockquote><iframe loading=\"lazy\" class=\"wp-embedded-content\" sandbox=\"allow-scripts\" security=\"restricted\" style=\"position: absolute; visibility: hidden;\" title=\"&#8220;Observatorio Fiscal: precio del caf\u00e9 se mantendr\u00e1 alto hasta el a\u00f1o 2028&#8221; &#8212; Proyecto Armenia\" src=\"https:\/\/observatorioarmenia.org\/site\/uncategorized\/observatorio-fiscal-precio-del-cafe-se-mantendra-alto-hasta-el-ano-2028\/embed\/#?secret=9J58tnAoo3#?secret=1YJ6c76UUZ\" data-secret=\"1YJ6c76UUZ\" width=\"600\" height=\"338\" frameborder=\"0\" marginwidth=\"0\" marginheight=\"0\" scrolling=\"no\"><\/iframe>\n<\/div><\/figure>\n\n\n\n<figure class=\"wp-block-embed is-type-wp-embed is-provider-proyecto-armenia wp-block-embed-proyecto-armenia\"><div class=\"wp-block-embed__wrapper\">\n<blockquote class=\"wp-embedded-content\" data-secret=\"VEt8dczscP\"><a href=\"https:\/\/observatorioarmenia.org\/site\/uncategorized\/observatorio-fiscal-analisis-del-deficit-fiscal-en-colombia-ano-2025-y-su-impacto-en-las-tasas-de-interes\/\">Observatorio Fiscal: An\u00e1lisis del D\u00e9ficit Fiscal en Colombia a\u00f1o 2025 y su impacto en las tasas de inter\u00e9s<\/a><\/blockquote><iframe loading=\"lazy\" class=\"wp-embedded-content\" sandbox=\"allow-scripts\" security=\"restricted\" style=\"position: absolute; visibility: hidden;\" title=\"&#8220;Observatorio Fiscal: An\u00e1lisis del D\u00e9ficit Fiscal en Colombia a\u00f1o 2025 y su impacto en las tasas de inter\u00e9s&#8221; &#8212; Proyecto Armenia\" src=\"https:\/\/observatorioarmenia.org\/site\/uncategorized\/observatorio-fiscal-analisis-del-deficit-fiscal-en-colombia-ano-2025-y-su-impacto-en-las-tasas-de-interes\/embed\/#?secret=kcwioZkQ4s#?secret=VEt8dczscP\" data-secret=\"VEt8dczscP\" width=\"600\" height=\"338\" frameborder=\"0\" marginwidth=\"0\" marginheight=\"0\" scrolling=\"no\"><\/iframe>\n<\/div><\/figure>\n\n\n\n<figure class=\"wp-block-embed is-type-wp-embed is-provider-proyecto-armenia wp-block-embed-proyecto-armenia\"><div class=\"wp-block-embed__wrapper\">\n<blockquote class=\"wp-embedded-content\" data-secret=\"AVwd2VNCKF\"><a href=\"https:\/\/observatorioarmenia.org\/site\/uncategorized\/observatorio-fiscal-tasa-de-intervencion-en-pausa-y-convergencia-inflacionaria-senales-mixtas-del-banco-de-la-republica\/\">Observatorio Fiscal: Tasa de intervenci\u00f3n en pausa y convergencia inflacionaria, se\u00f1ales mixtas del Banco de la Rep\u00fablica<\/a><\/blockquote><iframe loading=\"lazy\" class=\"wp-embedded-content\" sandbox=\"allow-scripts\" security=\"restricted\" style=\"position: absolute; visibility: hidden;\" title=\"&#8220;Observatorio Fiscal: Tasa de intervenci\u00f3n en pausa y convergencia inflacionaria, se\u00f1ales mixtas del Banco de la Rep\u00fablica&#8221; &#8212; Proyecto Armenia\" src=\"https:\/\/observatorioarmenia.org\/site\/uncategorized\/observatorio-fiscal-tasa-de-intervencion-en-pausa-y-convergencia-inflacionaria-senales-mixtas-del-banco-de-la-republica\/embed\/#?secret=3UWwpea30X#?secret=AVwd2VNCKF\" data-secret=\"AVwd2VNCKF\" width=\"600\" height=\"338\" frameborder=\"0\" marginwidth=\"0\" marginheight=\"0\" scrolling=\"no\"><\/iframe>\n<\/div><\/figure>\n\n\n\n<figure class=\"wp-block-embed is-type-wp-embed is-provider-proyecto-armenia wp-block-embed-proyecto-armenia\"><div class=\"wp-block-embed__wrapper\">\n<blockquote class=\"wp-embedded-content\" data-secret=\"8IJ1pozP8O\"><a href=\"https:\/\/observatorioarmenia.org\/site\/uncategorized\/observatorio-fiscal-encrucijada-macroeconomica-el-desafio-fiscal-y-sus-efectos-sobre-tasas-tes-y-el-sector-constructor\/\">Observatorio Fiscal: Encrucijada Macroecon\u00f3mica, el desaf\u00edo fiscal y sus efectos sobre tasas, TES y el sector constructor<\/a><\/blockquote><iframe loading=\"lazy\" class=\"wp-embedded-content\" sandbox=\"allow-scripts\" security=\"restricted\" style=\"position: absolute; visibility: hidden;\" title=\"&#8220;Observatorio Fiscal: Encrucijada Macroecon\u00f3mica, el desaf\u00edo fiscal y sus efectos sobre tasas, TES y el sector constructor&#8221; &#8212; Proyecto Armenia\" src=\"https:\/\/observatorioarmenia.org\/site\/uncategorized\/observatorio-fiscal-encrucijada-macroeconomica-el-desafio-fiscal-y-sus-efectos-sobre-tasas-tes-y-el-sector-constructor\/embed\/#?secret=8yQavRP0v7#?secret=8IJ1pozP8O\" data-secret=\"8IJ1pozP8O\" width=\"600\" height=\"338\" frameborder=\"0\" marginwidth=\"0\" marginheight=\"0\" scrolling=\"no\"><\/iframe>\n<\/div><\/figure>\n\n\n\n<figure class=\"wp-block-embed is-type-wp-embed is-provider-proyecto-armenia wp-block-embed-proyecto-armenia\"><div class=\"wp-block-embed__wrapper\">\n<blockquote class=\"wp-embedded-content\" data-secret=\"JQGiBFkcsD\"><a href=\"https:\/\/observatorioarmenia.org\/site\/uncategorized\/observatorio-fiscal-la-regla-fiscal-en-colombia-retos-desempeno-y-perspectivas-a-2025\/\">Observatorio Fiscal: La regla fiscal en Colombia: retos, desempe\u00f1o y perspectivas a 2025<\/a><\/blockquote><iframe loading=\"lazy\" class=\"wp-embedded-content\" sandbox=\"allow-scripts\" security=\"restricted\" style=\"position: absolute; visibility: hidden;\" title=\"&#8220;Observatorio Fiscal: La regla fiscal en Colombia: retos, desempe\u00f1o y perspectivas a 2025&#8221; &#8212; Proyecto Armenia\" src=\"https:\/\/observatorioarmenia.org\/site\/uncategorized\/observatorio-fiscal-la-regla-fiscal-en-colombia-retos-desempeno-y-perspectivas-a-2025\/embed\/#?secret=fbHa7Qv573#?secret=JQGiBFkcsD\" data-secret=\"JQGiBFkcsD\" width=\"600\" height=\"338\" frameborder=\"0\" marginwidth=\"0\" marginheight=\"0\" scrolling=\"no\"><\/iframe>\n<\/div><\/figure>\n\n\n\n<figure class=\"wp-block-embed is-type-wp-embed is-provider-proyecto-armenia wp-block-embed-proyecto-armenia\"><div class=\"wp-block-embed__wrapper\">\n<blockquote class=\"wp-embedded-content\" data-secret=\"0WocnNb4yI\"><a href=\"https:\/\/observatorioarmenia.org\/site\/uncategorized\/observatorio-fiscal-perspectiva-economica-de-armenia-2025-y-2026\/\">Observatorio Fiscal: perspectiva econ\u00f3mica de Armenia 2025 y 2026<\/a><\/blockquote><iframe loading=\"lazy\" class=\"wp-embedded-content\" sandbox=\"allow-scripts\" security=\"restricted\" style=\"position: absolute; visibility: hidden;\" title=\"&#8220;Observatorio Fiscal: perspectiva econ\u00f3mica de Armenia 2025 y 2026&#8221; &#8212; Proyecto Armenia\" src=\"https:\/\/observatorioarmenia.org\/site\/uncategorized\/observatorio-fiscal-perspectiva-economica-de-armenia-2025-y-2026\/embed\/#?secret=mfO1mBmEvA#?secret=0WocnNb4yI\" data-secret=\"0WocnNb4yI\" width=\"600\" height=\"338\" frameborder=\"0\" marginwidth=\"0\" marginheight=\"0\" scrolling=\"no\"><\/iframe>\n<\/div><\/figure>\n\n\n\n<figure class=\"wp-block-embed is-type-wp-embed is-provider-proyecto-armenia wp-block-embed-proyecto-armenia\"><div class=\"wp-block-embed__wrapper\">\n<blockquote class=\"wp-embedded-content\" data-secret=\"p8iItTeyRF\"><a href=\"https:\/\/observatorioarmenia.org\/site\/uncategorized\/observatorio-fiscal-dinamica-del-pib-desempleo-e-inflacion-del-ano-2024-en-el-quindio\/\">Observatorio Fiscal: din\u00e1mica del PIB, desempleo e inflaci\u00f3n del a\u00f1o 2024 en el Quind\u00edo<\/a><\/blockquote><iframe loading=\"lazy\" class=\"wp-embedded-content\" sandbox=\"allow-scripts\" security=\"restricted\" style=\"position: absolute; visibility: hidden;\" title=\"&#8220;Observatorio Fiscal: din\u00e1mica del PIB, desempleo e inflaci\u00f3n del a\u00f1o 2024 en el Quind\u00edo&#8221; &#8212; Proyecto Armenia\" src=\"https:\/\/observatorioarmenia.org\/site\/uncategorized\/observatorio-fiscal-dinamica-del-pib-desempleo-e-inflacion-del-ano-2024-en-el-quindio\/embed\/#?secret=5hezzC1Hkm#?secret=p8iItTeyRF\" data-secret=\"p8iItTeyRF\" width=\"600\" height=\"338\" frameborder=\"0\" marginwidth=\"0\" marginheight=\"0\" scrolling=\"no\"><\/iframe>\n<\/div><\/figure>\n\n\n\n<figure class=\"wp-block-embed is-type-wp-embed is-provider-proyecto-armenia wp-block-embed-proyecto-armenia\"><div class=\"wp-block-embed__wrapper\">\n<blockquote class=\"wp-embedded-content\" data-secret=\"ddGFWenLUx\"><a href=\"https:\/\/observatorioarmenia.org\/site\/uncategorized\/observatorio-fiscal-desafios-economicos-en-el-2025-para-armenia\/\">Observatorio Fiscal: desaf\u00edos econ\u00f3micos en el 2025 para Armenia<\/a><\/blockquote><iframe loading=\"lazy\" class=\"wp-embedded-content\" sandbox=\"allow-scripts\" security=\"restricted\" style=\"position: absolute; visibility: hidden;\" title=\"&#8220;Observatorio Fiscal: desaf\u00edos econ\u00f3micos en el 2025 para Armenia&#8221; &#8212; Proyecto Armenia\" src=\"https:\/\/observatorioarmenia.org\/site\/uncategorized\/observatorio-fiscal-desafios-economicos-en-el-2025-para-armenia\/embed\/#?secret=TdHT1PuXRM#?secret=ddGFWenLUx\" data-secret=\"ddGFWenLUx\" width=\"600\" height=\"338\" frameborder=\"0\" marginwidth=\"0\" marginheight=\"0\" scrolling=\"no\"><\/iframe>\n<\/div><\/figure>\n\n\n\n<figure class=\"wp-block-embed is-type-wp-embed is-provider-proyecto-armenia wp-block-embed-proyecto-armenia\"><div class=\"wp-block-embed__wrapper\">\n<blockquote class=\"wp-embedded-content\" data-secret=\"gmjLNv8Afq\"><a href=\"https:\/\/observatorioarmenia.org\/site\/uncategorized\/observatorio-fiscal-impacto-de-la-caida-del-petroleo-sobre-las-finanzas-publicas-en-colombia\/\">Observatorio Fiscal: Impacto de la ca\u00edda del petr\u00f3leo sobre las finanzas p\u00fablicas en Colombia<\/a><\/blockquote><iframe loading=\"lazy\" class=\"wp-embedded-content\" sandbox=\"allow-scripts\" security=\"restricted\" style=\"position: absolute; visibility: hidden;\" title=\"&#8220;Observatorio Fiscal: Impacto de la ca\u00edda del petr\u00f3leo sobre las finanzas p\u00fablicas en Colombia&#8221; &#8212; Proyecto Armenia\" src=\"https:\/\/observatorioarmenia.org\/site\/uncategorized\/observatorio-fiscal-impacto-de-la-caida-del-petroleo-sobre-las-finanzas-publicas-en-colombia\/embed\/#?secret=BMiJZp6bb4#?secret=gmjLNv8Afq\" data-secret=\"gmjLNv8Afq\" width=\"600\" height=\"338\" frameborder=\"0\" marginwidth=\"0\" marginheight=\"0\" scrolling=\"no\"><\/iframe>\n<\/div><\/figure>\n\n\n\n<figure class=\"wp-block-embed is-type-wp-embed is-provider-proyecto-armenia wp-block-embed-proyecto-armenia\"><div class=\"wp-block-embed__wrapper\">\n<blockquote class=\"wp-embedded-content\" data-secret=\"rjybktp5ar\"><a href=\"https:\/\/observatorioarmenia.org\/site\/uncategorized\/observatorio-fiscal-cambios-en-las-juntas-directivas-de-los-bancos-centrales-y-su-influencia-en-la-politica-monetaria\/\">Observatorio Fiscal: Cambios en las juntas directivas de los bancos centrales y su influencia en la pol\u00edtica monetaria<\/a><\/blockquote><iframe loading=\"lazy\" class=\"wp-embedded-content\" sandbox=\"allow-scripts\" security=\"restricted\" style=\"position: absolute; visibility: hidden;\" title=\"&#8220;Observatorio Fiscal: Cambios en las juntas directivas de los bancos centrales y su influencia en la pol\u00edtica monetaria&#8221; &#8212; Proyecto Armenia\" src=\"https:\/\/observatorioarmenia.org\/site\/uncategorized\/observatorio-fiscal-cambios-en-las-juntas-directivas-de-los-bancos-centrales-y-su-influencia-en-la-politica-monetaria\/embed\/#?secret=jaIQ1Vh2WY#?secret=rjybktp5ar\" data-secret=\"rjybktp5ar\" width=\"600\" height=\"338\" frameborder=\"0\" marginwidth=\"0\" marginheight=\"0\" scrolling=\"no\"><\/iframe>\n<\/div><\/figure>\n\n\n\n<figure class=\"wp-block-embed is-type-wp-embed is-provider-proyecto-armenia wp-block-embed-proyecto-armenia\"><div class=\"wp-block-embed__wrapper\">\n<blockquote class=\"wp-embedded-content\" data-secret=\"8W2uyNvunr\"><a href=\"https:\/\/observatorioarmenia.org\/site\/uncategorized\/observatorio-fiscal-analisis-de-la-politica-monetaria-de-la-fed-y-banco-de-la-republica\/\">Observatorio Fiscal: An\u00e1lisis de la pol\u00edtica monetaria de la Fed y Banco de la Rep\u00fablica<\/a><\/blockquote><iframe loading=\"lazy\" class=\"wp-embedded-content\" sandbox=\"allow-scripts\" security=\"restricted\" style=\"position: absolute; visibility: hidden;\" title=\"&#8220;Observatorio Fiscal: An\u00e1lisis de la pol\u00edtica monetaria de la Fed y Banco de la Rep\u00fablica&#8221; &#8212; Proyecto Armenia\" src=\"https:\/\/observatorioarmenia.org\/site\/uncategorized\/observatorio-fiscal-analisis-de-la-politica-monetaria-de-la-fed-y-banco-de-la-republica\/embed\/#?secret=OohztmHoh0#?secret=8W2uyNvunr\" data-secret=\"8W2uyNvunr\" width=\"600\" height=\"338\" frameborder=\"0\" marginwidth=\"0\" marginheight=\"0\" scrolling=\"no\"><\/iframe>\n<\/div><\/figure>\n\n\n\n<figure class=\"wp-block-embed is-type-wp-embed is-provider-proyecto-armenia wp-block-embed-proyecto-armenia\"><div class=\"wp-block-embed__wrapper\">\n<blockquote class=\"wp-embedded-content\" data-secret=\"TCsc4njupv\"><a href=\"https:\/\/observatorioarmenia.org\/site\/uncategorized\/observatorio-fiscal-remesas-crecen-para-quindio-18-8-caldas-25-1-risaralda-17-9-y-tolima-8-1-en-el-ano-2024\/\">Observatorio Fiscal: remesas crecen para Quind\u00edo 18.8%, Caldas 25.1%, Risaralda 17.9% y Tolima 8.1% en el a\u00f1o 2024<\/a><\/blockquote><iframe loading=\"lazy\" class=\"wp-embedded-content\" sandbox=\"allow-scripts\" security=\"restricted\" style=\"position: absolute; visibility: hidden;\" title=\"&#8220;Observatorio Fiscal: remesas crecen para Quind\u00edo 18.8%, Caldas 25.1%, Risaralda 17.9% y Tolima 8.1% en el a\u00f1o 2024&#8221; &#8212; Proyecto Armenia\" src=\"https:\/\/observatorioarmenia.org\/site\/uncategorized\/observatorio-fiscal-remesas-crecen-para-quindio-18-8-caldas-25-1-risaralda-17-9-y-tolima-8-1-en-el-ano-2024\/embed\/#?secret=5VCZTLj7nR#?secret=TCsc4njupv\" data-secret=\"TCsc4njupv\" width=\"600\" height=\"338\" frameborder=\"0\" marginwidth=\"0\" marginheight=\"0\" scrolling=\"no\"><\/iframe>\n<\/div><\/figure>\n\n\n\n<figure class=\"wp-block-embed is-type-wp-embed is-provider-proyecto-armenia wp-block-embed-proyecto-armenia\"><div class=\"wp-block-embed__wrapper\">\n<blockquote class=\"wp-embedded-content\" data-secret=\"GQeGSCyl3q\"><a href=\"https:\/\/observatorioarmenia.org\/site\/uncategorized\/observatorio-fiscal-los-riesgos-de-una-recesion-con-una-alta-inflacion-en-la-economia-mundial-y-local\/\">Observatorio Fiscal: los riesgos de una recesi\u00f3n con una alta inflaci\u00f3n en la econom\u00eda mundial y local<\/a><\/blockquote><iframe loading=\"lazy\" class=\"wp-embedded-content\" sandbox=\"allow-scripts\" security=\"restricted\" style=\"position: absolute; visibility: hidden;\" title=\"&#8220;Observatorio Fiscal: los riesgos de una recesi\u00f3n con una alta inflaci\u00f3n en la econom\u00eda mundial y local&#8221; &#8212; Proyecto Armenia\" src=\"https:\/\/observatorioarmenia.org\/site\/uncategorized\/observatorio-fiscal-los-riesgos-de-una-recesion-con-una-alta-inflacion-en-la-economia-mundial-y-local\/embed\/#?secret=QBXePkxgVO#?secret=GQeGSCyl3q\" data-secret=\"GQeGSCyl3q\" width=\"600\" height=\"338\" frameborder=\"0\" marginwidth=\"0\" marginheight=\"0\" scrolling=\"no\"><\/iframe>\n<\/div><\/figure>\n\n\n\n<figure class=\"wp-block-embed is-type-wp-embed is-provider-proyecto-armenia wp-block-embed-proyecto-armenia\"><div class=\"wp-block-embed__wrapper\">\n<blockquote class=\"wp-embedded-content\" data-secret=\"k0WnSxIcFy\"><a href=\"https:\/\/observatorioarmenia.org\/site\/uncategorized\/observatorio-fiscal-proyeccion-de-la-economia-de-armenia-en-el-ano-2025\/\">Observatorio Fiscal: proyecci\u00f3n de la econom\u00eda de Armenia en el a\u00f1o 2025<\/a><\/blockquote><iframe loading=\"lazy\" class=\"wp-embedded-content\" sandbox=\"allow-scripts\" security=\"restricted\" style=\"position: absolute; visibility: hidden;\" title=\"&#8220;Observatorio Fiscal: proyecci\u00f3n de la econom\u00eda de Armenia en el a\u00f1o 2025&#8221; &#8212; Proyecto Armenia\" src=\"https:\/\/observatorioarmenia.org\/site\/uncategorized\/observatorio-fiscal-proyeccion-de-la-economia-de-armenia-en-el-ano-2025\/embed\/#?secret=XYGjhs9WhE#?secret=k0WnSxIcFy\" data-secret=\"k0WnSxIcFy\" width=\"600\" height=\"338\" frameborder=\"0\" marginwidth=\"0\" marginheight=\"0\" scrolling=\"no\"><\/iframe>\n<\/div><\/figure>\n\n\n\n<figure class=\"wp-block-embed is-type-wp-embed is-provider-proyecto-armenia wp-block-embed-proyecto-armenia\"><div class=\"wp-block-embed__wrapper\">\n<blockquote class=\"wp-embedded-content\" data-secret=\"CUh8RLodCv\"><a href=\"https:\/\/observatorioarmenia.org\/site\/uncategorized\/observatorio-fiscal-consecuencias-economicas-de-la-guerra-comercial-con-eeuu-en-quindio-y-armenia\/\">Observatorio Fiscal: consecuencias econ\u00f3micas de la guerra comercial con EEUU en Quind\u00edo y Armenia<\/a><\/blockquote><iframe loading=\"lazy\" class=\"wp-embedded-content\" sandbox=\"allow-scripts\" security=\"restricted\" style=\"position: absolute; visibility: hidden;\" title=\"&#8220;Observatorio Fiscal: consecuencias econ\u00f3micas de la guerra comercial con EEUU en Quind\u00edo y Armenia&#8221; &#8212; Proyecto Armenia\" src=\"https:\/\/observatorioarmenia.org\/site\/uncategorized\/observatorio-fiscal-consecuencias-economicas-de-la-guerra-comercial-con-eeuu-en-quindio-y-armenia\/embed\/#?secret=BjImrjJULr#?secret=CUh8RLodCv\" data-secret=\"CUh8RLodCv\" width=\"600\" height=\"338\" frameborder=\"0\" marginwidth=\"0\" marginheight=\"0\" scrolling=\"no\"><\/iframe>\n<\/div><\/figure>\n\n\n\n<figure class=\"wp-block-embed is-type-wp-embed is-provider-proyecto-armenia wp-block-embed-proyecto-armenia\"><div class=\"wp-block-embed__wrapper\">\n<blockquote class=\"wp-embedded-content\" data-secret=\"pWW208t3vy\"><a href=\"https:\/\/observatorioarmenia.org\/site\/uncategorized\/observatorio-fiscal-remesas-internacionales-en-la-rap-eje-cafetero-de-los-tres-primeros-trimestres-de-2024-aumentaron-16-respecto-al-mismo-periodo-de-2023\/\">Observatorio Fiscal: remesas internacionales en la Rap Eje Cafetero de los tres primeros trimestres de 2024 aumentaron 16% respecto al mismo periodo de 2023<\/a><\/blockquote><iframe loading=\"lazy\" class=\"wp-embedded-content\" sandbox=\"allow-scripts\" security=\"restricted\" style=\"position: absolute; visibility: hidden;\" title=\"&#8220;Observatorio Fiscal: remesas internacionales en la Rap Eje Cafetero de los tres primeros trimestres de 2024 aumentaron 16% respecto al mismo periodo de 2023&#8221; &#8212; Proyecto Armenia\" src=\"https:\/\/observatorioarmenia.org\/site\/uncategorized\/observatorio-fiscal-remesas-internacionales-en-la-rap-eje-cafetero-de-los-tres-primeros-trimestres-de-2024-aumentaron-16-respecto-al-mismo-periodo-de-2023\/embed\/#?secret=ydm1tG3C4b#?secret=pWW208t3vy\" data-secret=\"pWW208t3vy\" width=\"600\" height=\"338\" frameborder=\"0\" marginwidth=\"0\" marginheight=\"0\" scrolling=\"no\"><\/iframe>\n<\/div><\/figure>\n\n\n\n<figure class=\"wp-block-embed is-type-wp-embed is-provider-proyecto-armenia wp-block-embed-proyecto-armenia\"><div class=\"wp-block-embed__wrapper\">\n<blockquote class=\"wp-embedded-content\" data-secret=\"4nNdbEYRYT\"><a href=\"https:\/\/observatorioarmenia.org\/site\/uncategorized\/observatorio-fiscal-quindio-de-17-entre-33-departamentos-en-el-indice-de-competitividad-turistica-regional-2024\/\">Observatorio Fiscal: Quind\u00edo de 17 entre 33 departamentos en el \u00edndice de competitividad tur\u00edstica regional 2024<\/a><\/blockquote><iframe loading=\"lazy\" class=\"wp-embedded-content\" sandbox=\"allow-scripts\" security=\"restricted\" style=\"position: absolute; visibility: hidden;\" title=\"&#8220;Observatorio Fiscal: Quind\u00edo de 17 entre 33 departamentos en el \u00edndice de competitividad tur\u00edstica regional 2024&#8221; &#8212; Proyecto Armenia\" src=\"https:\/\/observatorioarmenia.org\/site\/uncategorized\/observatorio-fiscal-quindio-de-17-entre-33-departamentos-en-el-indice-de-competitividad-turistica-regional-2024\/embed\/#?secret=QFmnH3PJ6b#?secret=4nNdbEYRYT\" data-secret=\"4nNdbEYRYT\" width=\"600\" height=\"338\" frameborder=\"0\" marginwidth=\"0\" marginheight=\"0\" scrolling=\"no\"><\/iframe>\n<\/div><\/figure>\n\n\n\n<figure class=\"wp-block-embed is-type-wp-embed is-provider-proyecto-armenia wp-block-embed-proyecto-armenia\"><div class=\"wp-block-embed__wrapper\">\n<blockquote class=\"wp-embedded-content\" data-secret=\"71qasWqbw8\"><a href=\"https:\/\/observatorioarmenia.org\/site\/uncategorized\/observatorio-fiscal-perspectiva-economica-de-armenia-anos-2024-a-2029\/\">Observatorio Fiscal: perspectiva econ\u00f3mica de Armenia a\u00f1os 2024 a 2029<\/a><\/blockquote><iframe loading=\"lazy\" class=\"wp-embedded-content\" sandbox=\"allow-scripts\" security=\"restricted\" style=\"position: absolute; visibility: hidden;\" title=\"&#8220;Observatorio Fiscal: perspectiva econ\u00f3mica de Armenia a\u00f1os 2024 a 2029&#8221; &#8212; Proyecto Armenia\" src=\"https:\/\/observatorioarmenia.org\/site\/uncategorized\/observatorio-fiscal-perspectiva-economica-de-armenia-anos-2024-a-2029\/embed\/#?secret=Eihp6K9pgR#?secret=71qasWqbw8\" data-secret=\"71qasWqbw8\" width=\"600\" height=\"338\" frameborder=\"0\" marginwidth=\"0\" marginheight=\"0\" scrolling=\"no\"><\/iframe>\n<\/div><\/figure>\n\n\n\n<figure class=\"wp-block-embed is-type-wp-embed is-provider-proyecto-armenia wp-block-embed-proyecto-armenia\"><div class=\"wp-block-embed__wrapper\">\n<blockquote class=\"wp-embedded-content\" data-secret=\"XWFWdYrZaE\"><a href=\"https:\/\/observatorioarmenia.org\/site\/uncategorized\/observatorio-fiscal-el-cierre-de-colegios-en-quindio-un-fenomeno-en-crecimiento\/\">Observatorio Fiscal: El cierre de colegios en Quind\u00edo, un fen\u00f3meno en crecimiento.<\/a><\/blockquote><iframe loading=\"lazy\" class=\"wp-embedded-content\" sandbox=\"allow-scripts\" security=\"restricted\" style=\"position: absolute; visibility: hidden;\" title=\"&#8220;Observatorio Fiscal: El cierre de colegios en Quind\u00edo, un fen\u00f3meno en crecimiento.&#8221; &#8212; Proyecto Armenia\" src=\"https:\/\/observatorioarmenia.org\/site\/uncategorized\/observatorio-fiscal-el-cierre-de-colegios-en-quindio-un-fenomeno-en-crecimiento\/embed\/#?secret=GMATpwPvjW#?secret=XWFWdYrZaE\" data-secret=\"XWFWdYrZaE\" width=\"600\" height=\"338\" frameborder=\"0\" marginwidth=\"0\" marginheight=\"0\" scrolling=\"no\"><\/iframe>\n<\/div><\/figure>\n\n\n\n<figure class=\"wp-block-embed is-type-wp-embed is-provider-proyecto-armenia wp-block-embed-proyecto-armenia\"><div class=\"wp-block-embed__wrapper\">\n<blockquote class=\"wp-embedded-content\" data-secret=\"Jx7ZLnocXg\"><a href=\"https:\/\/observatorioarmenia.org\/site\/uncategorized\/observatorio-fiscal-icc-2024-armenia-con-un-incremento-de-1-9-promedio-anual-en-los-ultimos-seis-anos-ibague-0-7-manizales-1-6-y-pereira-1-2\/\">Observatorio Fiscal: ICC 2024 Armenia con un incremento de 1.9% promedio anual en los \u00faltimos seis a\u00f1os, Ibagu\u00e9 0.7%, Manizales 1.6% y Pereira 1.2%<\/a><\/blockquote><iframe loading=\"lazy\" class=\"wp-embedded-content\" sandbox=\"allow-scripts\" security=\"restricted\" style=\"position: absolute; visibility: hidden;\" title=\"&#8220;Observatorio Fiscal: ICC 2024 Armenia con un incremento de 1.9% promedio anual en los \u00faltimos seis a\u00f1os, Ibagu\u00e9 0.7%, Manizales 1.6% y Pereira 1.2%&#8221; &#8212; Proyecto Armenia\" src=\"https:\/\/observatorioarmenia.org\/site\/uncategorized\/observatorio-fiscal-icc-2024-armenia-con-un-incremento-de-1-9-promedio-anual-en-los-ultimos-seis-anos-ibague-0-7-manizales-1-6-y-pereira-1-2\/embed\/#?secret=5T4a4bvgrb#?secret=Jx7ZLnocXg\" data-secret=\"Jx7ZLnocXg\" width=\"600\" height=\"338\" frameborder=\"0\" marginwidth=\"0\" marginheight=\"0\" scrolling=\"no\"><\/iframe>\n<\/div><\/figure>\n\n\n\n<figure class=\"wp-block-embed is-type-wp-embed is-provider-proyecto-armenia wp-block-embed-proyecto-armenia\"><div class=\"wp-block-embed__wrapper\">\n<blockquote class=\"wp-embedded-content\" data-secret=\"FLJcqtyooN\"><a href=\"https:\/\/observatorioarmenia.org\/site\/uncategorized\/observatorio-fiscal-idf-2023-fue-para-armenia-72-67-ibague-59-66-manizales-69-15-y-pereira-75-23\/\">Observatorio Fiscal: IDF 2023 fue para Armenia 72.67, Ibagu\u00e9 59.66, Manizales 69.15 y Pereira 75.23<\/a><\/blockquote><iframe loading=\"lazy\" class=\"wp-embedded-content\" sandbox=\"allow-scripts\" security=\"restricted\" style=\"position: absolute; visibility: hidden;\" title=\"&#8220;Observatorio Fiscal: IDF 2023 fue para Armenia 72.67, Ibagu\u00e9 59.66, Manizales 69.15 y Pereira 75.23&#8221; &#8212; Proyecto Armenia\" src=\"https:\/\/observatorioarmenia.org\/site\/uncategorized\/observatorio-fiscal-idf-2023-fue-para-armenia-72-67-ibague-59-66-manizales-69-15-y-pereira-75-23\/embed\/#?secret=90xDEGObTw#?secret=FLJcqtyooN\" data-secret=\"FLJcqtyooN\" width=\"600\" height=\"338\" frameborder=\"0\" marginwidth=\"0\" marginheight=\"0\" scrolling=\"no\"><\/iframe>\n<\/div><\/figure>\n\n\n\n<figure class=\"wp-block-embed is-type-wp-embed is-provider-proyecto-armenia wp-block-embed-proyecto-armenia\"><div class=\"wp-block-embed__wrapper\">\n<blockquote class=\"wp-embedded-content\" data-secret=\"NSwyYAWsAp\"><a href=\"https:\/\/observatorioarmenia.org\/site\/uncategorized\/observatorio-fiscal-impacto-economico-y-social-de-los-juegos-juveniles-2024\/\">Observatorio Fiscal: impacto econ\u00f3mico y social de los juegos juveniles 2024<\/a><\/blockquote><iframe loading=\"lazy\" class=\"wp-embedded-content\" sandbox=\"allow-scripts\" security=\"restricted\" style=\"position: absolute; visibility: hidden;\" title=\"&#8220;Observatorio Fiscal: impacto econ\u00f3mico y social de los juegos juveniles 2024&#8221; &#8212; Proyecto Armenia\" src=\"https:\/\/observatorioarmenia.org\/site\/uncategorized\/observatorio-fiscal-impacto-economico-y-social-de-los-juegos-juveniles-2024\/embed\/#?secret=FkejZgMmbT#?secret=NSwyYAWsAp\" data-secret=\"NSwyYAWsAp\" width=\"600\" height=\"338\" frameborder=\"0\" marginwidth=\"0\" marginheight=\"0\" scrolling=\"no\"><\/iframe>\n<\/div><\/figure>\n\n\n\n<figure class=\"wp-block-embed is-type-wp-embed is-provider-proyecto-armenia wp-block-embed-proyecto-armenia\"><div class=\"wp-block-embed__wrapper\">\n<blockquote class=\"wp-embedded-content\" data-secret=\"0zYIl9DINg\"><a href=\"https:\/\/observatorioarmenia.org\/site\/uncategorized\/observatorio-fiscal-remesas-del-segundo-trimestre-de-2024-las-mas-altas-que-ha-recibido-el-quindio-desde-que-se-tienen-datos\/\">Observatorio Fiscal: remesas del segundo trimestre de 2024, las m\u00e1s altas que ha recibido el Quind\u00edo desde que se tienen datos<\/a><\/blockquote><iframe loading=\"lazy\" class=\"wp-embedded-content\" sandbox=\"allow-scripts\" security=\"restricted\" style=\"position: absolute; visibility: hidden;\" title=\"&#8220;Observatorio Fiscal: remesas del segundo trimestre de 2024, las m\u00e1s altas que ha recibido el Quind\u00edo desde que se tienen datos&#8221; &#8212; Proyecto Armenia\" src=\"https:\/\/observatorioarmenia.org\/site\/uncategorized\/observatorio-fiscal-remesas-del-segundo-trimestre-de-2024-las-mas-altas-que-ha-recibido-el-quindio-desde-que-se-tienen-datos\/embed\/#?secret=JwYmisE9Co#?secret=0zYIl9DINg\" data-secret=\"0zYIl9DINg\" width=\"600\" height=\"338\" frameborder=\"0\" marginwidth=\"0\" marginheight=\"0\" scrolling=\"no\"><\/iframe>\n<\/div><\/figure>\n\n\n\n<figure class=\"wp-block-embed is-type-wp-embed is-provider-proyecto-armenia wp-block-embed-proyecto-armenia\"><div class=\"wp-block-embed__wrapper\">\n<blockquote class=\"wp-embedded-content\" data-secret=\"Ax00uxvpgg\"><a href=\"https:\/\/observatorioarmenia.org\/site\/uncategorized\/observatorio-fiscal-armenia-con-la-mayor-tarifa-en-acpm-de-la-rap-eje-cafetero\/\">Observatorio Fiscal: Armenia con la mayor tarifa en ACPM de la Rap Eje Cafetero<\/a><\/blockquote><iframe loading=\"lazy\" class=\"wp-embedded-content\" sandbox=\"allow-scripts\" security=\"restricted\" style=\"position: absolute; visibility: hidden;\" title=\"&#8220;Observatorio Fiscal: Armenia con la mayor tarifa en ACPM de la Rap Eje Cafetero&#8221; &#8212; Proyecto Armenia\" src=\"https:\/\/observatorioarmenia.org\/site\/uncategorized\/observatorio-fiscal-armenia-con-la-mayor-tarifa-en-acpm-de-la-rap-eje-cafetero\/embed\/#?secret=Hy8nyWOduz#?secret=Ax00uxvpgg\" data-secret=\"Ax00uxvpgg\" width=\"600\" height=\"338\" frameborder=\"0\" marginwidth=\"0\" marginheight=\"0\" scrolling=\"no\"><\/iframe>\n<\/div><\/figure>\n\n\n\n<figure class=\"wp-block-embed is-type-wp-embed is-provider-proyecto-armenia wp-block-embed-proyecto-armenia\"><div class=\"wp-block-embed__wrapper\">\n<blockquote class=\"wp-embedded-content\" data-secret=\"v2ISIqbm52\"><a href=\"https:\/\/observatorioarmenia.org\/site\/uncategorized\/observatorio-fiscal-quindio-se-estanca-en-la-reduccion-de-su-pobreza-monetaria-departamental-y-aumenta-la-extrema\/\">Observatorio Fiscal: Quind\u00edo se estanca en la reducci\u00f3n de su pobreza monetaria departamental y aumenta la extrema<\/a><\/blockquote><iframe loading=\"lazy\" class=\"wp-embedded-content\" sandbox=\"allow-scripts\" security=\"restricted\" style=\"position: absolute; visibility: hidden;\" title=\"&#8220;Observatorio Fiscal: Quind\u00edo se estanca en la reducci\u00f3n de su pobreza monetaria departamental y aumenta la extrema&#8221; &#8212; Proyecto Armenia\" src=\"https:\/\/observatorioarmenia.org\/site\/uncategorized\/observatorio-fiscal-quindio-se-estanca-en-la-reduccion-de-su-pobreza-monetaria-departamental-y-aumenta-la-extrema\/embed\/#?secret=zTg7k2ETRH#?secret=v2ISIqbm52\" data-secret=\"v2ISIqbm52\" width=\"600\" height=\"338\" frameborder=\"0\" marginwidth=\"0\" marginheight=\"0\" scrolling=\"no\"><\/iframe>\n<\/div><\/figure>\n\n\n\n<figure class=\"wp-block-embed is-type-wp-embed is-provider-proyecto-armenia wp-block-embed-proyecto-armenia\"><div class=\"wp-block-embed__wrapper\">\n<blockquote class=\"wp-embedded-content\" data-secret=\"459gv45hK1\"><a href=\"https:\/\/observatorioarmenia.org\/site\/uncategorized\/observatorio-fiscal-armenia-reduce-diferencias-con-manizales-y-pereira-en-el-indice-de-malestar-economico\/\">Observatorio Fiscal: Armenia reduce diferencias con Manizales y Pereira en el \u00edndice de malestar econ\u00f3mico<\/a><\/blockquote><iframe loading=\"lazy\" class=\"wp-embedded-content\" sandbox=\"allow-scripts\" security=\"restricted\" style=\"position: absolute; visibility: hidden;\" title=\"&#8220;Observatorio Fiscal: Armenia reduce diferencias con Manizales y Pereira en el \u00edndice de malestar econ\u00f3mico&#8221; &#8212; Proyecto Armenia\" src=\"https:\/\/observatorioarmenia.org\/site\/uncategorized\/observatorio-fiscal-armenia-reduce-diferencias-con-manizales-y-pereira-en-el-indice-de-malestar-economico\/embed\/#?secret=WTBFhqlopp#?secret=459gv45hK1\" data-secret=\"459gv45hK1\" width=\"600\" height=\"338\" frameborder=\"0\" marginwidth=\"0\" marginheight=\"0\" scrolling=\"no\"><\/iframe>\n<\/div><\/figure>\n\n\n\n<figure class=\"wp-block-embed is-type-wp-embed is-provider-proyecto-armenia wp-block-embed-proyecto-armenia\"><div class=\"wp-block-embed__wrapper\">\n<blockquote class=\"wp-embedded-content\" data-secret=\"FeTbjt3cZk\"><a href=\"https:\/\/observatorioarmenia.org\/site\/uncategorized\/observatorio-fiscal-indice-de-capacidad-estadistica-territorial-icet-muchas-cosas-por-mejorar\/\">Observatorio Fiscal: \u00cdndice de Capacidad Estad\u00edstica Territorial (ICET), muchas cosas por mejorar<\/a><\/blockquote><iframe loading=\"lazy\" class=\"wp-embedded-content\" sandbox=\"allow-scripts\" security=\"restricted\" style=\"position: absolute; visibility: hidden;\" title=\"&#8220;Observatorio Fiscal: \u00cdndice de Capacidad Estad\u00edstica Territorial (ICET), muchas cosas por mejorar&#8221; &#8212; Proyecto Armenia\" src=\"https:\/\/observatorioarmenia.org\/site\/uncategorized\/observatorio-fiscal-indice-de-capacidad-estadistica-territorial-icet-muchas-cosas-por-mejorar\/embed\/#?secret=pl9a9lKVCN#?secret=FeTbjt3cZk\" data-secret=\"FeTbjt3cZk\" width=\"600\" height=\"338\" frameborder=\"0\" marginwidth=\"0\" marginheight=\"0\" scrolling=\"no\"><\/iframe>\n<\/div><\/figure>\n\n\n\n<figure class=\"wp-block-embed is-type-wp-embed is-provider-proyecto-armenia wp-block-embed-proyecto-armenia\"><div class=\"wp-block-embed__wrapper\">\n<blockquote class=\"wp-embedded-content\" data-secret=\"DAJW889xP5\"><a href=\"https:\/\/observatorioarmenia.org\/site\/uncategorized\/observatorio-fiscal-pobreza-monetaria-2023-armenia-31-0-ibague-36-1-manizales-17-6-pereira-27-1-y-la-nacional-33-0\/\">Observatorio Fiscal: pobreza monetaria 2023 Armenia 31.0%, Ibagu\u00e9 36.1%, Manizales 17.6%, Pereira 27.1% y la nacional 33.0%<\/a><\/blockquote><iframe loading=\"lazy\" class=\"wp-embedded-content\" sandbox=\"allow-scripts\" security=\"restricted\" style=\"position: absolute; visibility: hidden;\" title=\"&#8220;Observatorio Fiscal: pobreza monetaria 2023 Armenia 31.0%, Ibagu\u00e9 36.1%, Manizales 17.6%, Pereira 27.1% y la nacional 33.0%&#8221; &#8212; Proyecto Armenia\" src=\"https:\/\/observatorioarmenia.org\/site\/uncategorized\/observatorio-fiscal-pobreza-monetaria-2023-armenia-31-0-ibague-36-1-manizales-17-6-pereira-27-1-y-la-nacional-33-0\/embed\/#?secret=Mdw5YTREvZ#?secret=DAJW889xP5\" data-secret=\"DAJW889xP5\" width=\"600\" height=\"338\" frameborder=\"0\" marginwidth=\"0\" marginheight=\"0\" scrolling=\"no\"><\/iframe>\n<\/div><\/figure>\n\n\n\n<figure class=\"wp-block-embed is-type-wp-embed is-provider-proyecto-armenia wp-block-embed-proyecto-armenia\"><div class=\"wp-block-embed__wrapper\">\n<blockquote class=\"wp-embedded-content\" data-secret=\"16mu2vmw97\"><a href=\"https:\/\/observatorioarmenia.org\/site\/uncategorized\/observatorio-fiscal-indice-departamental-de-competitividad-del-quindio-mejoras-factibles\/\">Observatorio Fiscal: \u00cdndice Departamental de Competitividad del Quind\u00edo, mejoras factibles<\/a><\/blockquote><iframe loading=\"lazy\" class=\"wp-embedded-content\" sandbox=\"allow-scripts\" security=\"restricted\" style=\"position: absolute; visibility: hidden;\" title=\"&#8220;Observatorio Fiscal: \u00cdndice Departamental de Competitividad del Quind\u00edo, mejoras factibles&#8221; &#8212; Proyecto Armenia\" src=\"https:\/\/observatorioarmenia.org\/site\/uncategorized\/observatorio-fiscal-indice-departamental-de-competitividad-del-quindio-mejoras-factibles\/embed\/#?secret=S7j9XlLcaN#?secret=16mu2vmw97\" data-secret=\"16mu2vmw97\" width=\"600\" height=\"338\" frameborder=\"0\" marginwidth=\"0\" marginheight=\"0\" scrolling=\"no\"><\/iframe>\n<\/div><\/figure>\n\n\n\n<figure class=\"wp-block-embed is-type-wp-embed is-provider-proyecto-armenia wp-block-embed-proyecto-armenia\"><div class=\"wp-block-embed__wrapper\">\n<blockquote class=\"wp-embedded-content\" data-secret=\"YJ8t7n1OOC\"><a href=\"https:\/\/observatorioarmenia.org\/site\/uncategorized\/observatorio-fiscal-remesas-trimestrales-entre-enero-y-marzo-del-quindio-las-segundas-mas-altas-desde-el-ano-2015\/\">Observatorio Fiscal: remesas trimestrales entre enero y marzo del Quind\u00edo las segundas m\u00e1s altas desde el a\u00f1o 2015<\/a><\/blockquote><iframe loading=\"lazy\" class=\"wp-embedded-content\" sandbox=\"allow-scripts\" security=\"restricted\" style=\"position: absolute; visibility: hidden;\" title=\"&#8220;Observatorio Fiscal: remesas trimestrales entre enero y marzo del Quind\u00edo las segundas m\u00e1s altas desde el a\u00f1o 2015&#8221; &#8212; Proyecto Armenia\" src=\"https:\/\/observatorioarmenia.org\/site\/uncategorized\/observatorio-fiscal-remesas-trimestrales-entre-enero-y-marzo-del-quindio-las-segundas-mas-altas-desde-el-ano-2015\/embed\/#?secret=V0f55E2CoI#?secret=YJ8t7n1OOC\" data-secret=\"YJ8t7n1OOC\" width=\"600\" height=\"338\" frameborder=\"0\" marginwidth=\"0\" marginheight=\"0\" scrolling=\"no\"><\/iframe>\n<\/div><\/figure>\n\n\n\n<figure class=\"wp-block-embed is-type-wp-embed is-provider-proyecto-armenia wp-block-embed-proyecto-armenia\"><div class=\"wp-block-embed__wrapper\">\n<blockquote class=\"wp-embedded-content\" data-secret=\"ja7asqxbi9\"><a href=\"https:\/\/observatorioarmenia.org\/site\/uncategorized\/observatorio-fiscal-actualizacion-de-las-perspectivas-economicas-de-armenia\/\">Observatorio Fiscal: actualizaci\u00f3n de las perspectivas econ\u00f3micas de Armenia.<\/a><\/blockquote><iframe loading=\"lazy\" class=\"wp-embedded-content\" sandbox=\"allow-scripts\" security=\"restricted\" style=\"position: absolute; visibility: hidden;\" title=\"&#8220;Observatorio Fiscal: actualizaci\u00f3n de las perspectivas econ\u00f3micas de Armenia.&#8221; &#8212; Proyecto Armenia\" src=\"https:\/\/observatorioarmenia.org\/site\/uncategorized\/observatorio-fiscal-actualizacion-de-las-perspectivas-economicas-de-armenia\/embed\/#?secret=Nas2clTy8i#?secret=ja7asqxbi9\" data-secret=\"ja7asqxbi9\" width=\"600\" height=\"338\" frameborder=\"0\" marginwidth=\"0\" marginheight=\"0\" scrolling=\"no\"><\/iframe>\n<\/div><\/figure>\n\n\n\n<figure class=\"wp-block-embed is-type-wp-embed is-provider-proyecto-armenia wp-block-embed-proyecto-armenia\"><div class=\"wp-block-embed__wrapper\">\n<blockquote class=\"wp-embedded-content\" data-secret=\"Glb0qETotw\"><a href=\"https:\/\/observatorioarmenia.org\/site\/uncategorized\/observatorio-fiscal-exportaciones-del-quindio-en-el-primer-trim-de-2024-se-reducen-54-3-respecto-al-mismo-trim-del-ano-anterior\/\">Observatorio Fiscal: exportaciones del Quind\u00edo en el primer trim. de 2024 se reducen -54.3% respecto al mismo trim. del a\u00f1o anterior<\/a><\/blockquote><iframe loading=\"lazy\" class=\"wp-embedded-content\" sandbox=\"allow-scripts\" security=\"restricted\" style=\"position: absolute; visibility: hidden;\" title=\"&#8220;Observatorio Fiscal: exportaciones del Quind\u00edo en el primer trim. de 2024 se reducen -54.3% respecto al mismo trim. del a\u00f1o anterior&#8221; &#8212; Proyecto Armenia\" src=\"https:\/\/observatorioarmenia.org\/site\/uncategorized\/observatorio-fiscal-exportaciones-del-quindio-en-el-primer-trim-de-2024-se-reducen-54-3-respecto-al-mismo-trim-del-ano-anterior\/embed\/#?secret=qgfeAexVhr#?secret=Glb0qETotw\" data-secret=\"Glb0qETotw\" width=\"600\" height=\"338\" frameborder=\"0\" marginwidth=\"0\" marginheight=\"0\" scrolling=\"no\"><\/iframe>\n<\/div><\/figure>\n\n\n\n<figure class=\"wp-block-embed is-type-wp-embed is-provider-proyecto-armenia wp-block-embed-proyecto-armenia\"><div class=\"wp-block-embed__wrapper\">\n<blockquote class=\"wp-embedded-content\" data-secret=\"hIjnjq8zaT\"><a href=\"https:\/\/observatorioarmenia.org\/site\/uncategorized\/observatorio-fiscal-indice-de-pobreza-multidimensional-2023-quindio-7-5-tolima-12-9-caldas-7-4-y-risaralda-11-8\/\">Observatorio Fiscal: \u00edndice de pobreza multidimensional 2023: Quind\u00edo 7.5%, Tolima 12.9%, Caldas 7.4% y Risaralda 11.8%<\/a><\/blockquote><iframe loading=\"lazy\" class=\"wp-embedded-content\" sandbox=\"allow-scripts\" security=\"restricted\" style=\"position: absolute; visibility: hidden;\" title=\"&#8220;Observatorio Fiscal: \u00edndice de pobreza multidimensional 2023: Quind\u00edo 7.5%, Tolima 12.9%, Caldas 7.4% y Risaralda 11.8%&#8221; &#8212; Proyecto Armenia\" src=\"https:\/\/observatorioarmenia.org\/site\/uncategorized\/observatorio-fiscal-indice-de-pobreza-multidimensional-2023-quindio-7-5-tolima-12-9-caldas-7-4-y-risaralda-11-8\/embed\/#?secret=a5Jc4Kn3K3#?secret=hIjnjq8zaT\" data-secret=\"hIjnjq8zaT\" width=\"600\" height=\"338\" frameborder=\"0\" marginwidth=\"0\" marginheight=\"0\" scrolling=\"no\"><\/iframe>\n<\/div><\/figure>\n\n\n\n<figure class=\"wp-block-embed is-type-wp-embed is-provider-proyecto-armenia wp-block-embed-proyecto-armenia\"><div class=\"wp-block-embed__wrapper\">\n<blockquote class=\"wp-embedded-content\" data-secret=\"HBkw0Jc0gq\"><a href=\"https:\/\/observatorioarmenia.org\/site\/uncategorized\/observatorio-fiscal-indice-subnacional-de-emprendimiento-armenia-4-66-6-23-ibague-4-33-9-23-manizales-4-88-3-23-y-pereira-4-23-10-23\/\">Observatorio Fiscal: \u00edndice subnacional de emprendimiento Armenia 4.66 (6\/23), Ibagu\u00e9 4.33 (9\/23), Manizales 4.88 (3\/23) y Pereira 4.23 (10\/23)<\/a><\/blockquote><iframe loading=\"lazy\" class=\"wp-embedded-content\" sandbox=\"allow-scripts\" security=\"restricted\" style=\"position: absolute; visibility: hidden;\" title=\"&#8220;Observatorio Fiscal: \u00edndice subnacional de emprendimiento Armenia 4.66 (6\/23), Ibagu\u00e9 4.33 (9\/23), Manizales 4.88 (3\/23) y Pereira 4.23 (10\/23)&#8221; &#8212; Proyecto Armenia\" src=\"https:\/\/observatorioarmenia.org\/site\/uncategorized\/observatorio-fiscal-indice-subnacional-de-emprendimiento-armenia-4-66-6-23-ibague-4-33-9-23-manizales-4-88-3-23-y-pereira-4-23-10-23\/embed\/#?secret=2cC55IyVLY#?secret=HBkw0Jc0gq\" data-secret=\"HBkw0Jc0gq\" width=\"600\" height=\"338\" frameborder=\"0\" marginwidth=\"0\" marginheight=\"0\" scrolling=\"no\"><\/iframe>\n<\/div><\/figure>\n\n\n\n<figure class=\"wp-block-embed is-type-wp-embed is-provider-proyecto-armenia wp-block-embed-proyecto-armenia\"><div class=\"wp-block-embed__wrapper\">\n<blockquote class=\"wp-embedded-content\" data-secret=\"nQsEZlVkFG\"><a href=\"https:\/\/observatorioarmenia.org\/site\/uncategorized\/observatorio-fiscal-remesas-del-quindio-en-el-ano-2023-crecieron-2-respecto-a-2022\/\">Observatorio Fiscal: Remesas del Quind\u00edo en el a\u00f1o 2023 crecieron 2% respecto a 2022<\/a><\/blockquote><iframe loading=\"lazy\" class=\"wp-embedded-content\" sandbox=\"allow-scripts\" security=\"restricted\" style=\"position: absolute; visibility: hidden;\" title=\"&#8220;Observatorio Fiscal: Remesas del Quind\u00edo en el a\u00f1o 2023 crecieron 2% respecto a 2022&#8221; &#8212; Proyecto Armenia\" src=\"https:\/\/observatorioarmenia.org\/site\/uncategorized\/observatorio-fiscal-remesas-del-quindio-en-el-ano-2023-crecieron-2-respecto-a-2022\/embed\/#?secret=5dslzYyfqL#?secret=nQsEZlVkFG\" data-secret=\"nQsEZlVkFG\" width=\"600\" height=\"338\" frameborder=\"0\" marginwidth=\"0\" marginheight=\"0\" scrolling=\"no\"><\/iframe>\n<\/div><\/figure>\n\n\n\n<figure class=\"wp-block-embed is-type-wp-embed is-provider-proyecto-armenia wp-block-embed-proyecto-armenia\"><div class=\"wp-block-embed__wrapper\">\n<blockquote class=\"wp-embedded-content\" data-secret=\"idQfwRgxEe\"><a href=\"https:\/\/observatorioarmenia.org\/site\/uncategorized\/observatorio-fiscal-el-bajo-crecimiento-de-la-construccion-impactara-al-empleo-de-armenia\/\">Observatorio Fiscal: el bajo crecimiento de la construcci\u00f3n impactar\u00e1 al empleo de Armenia<\/a><\/blockquote><iframe loading=\"lazy\" class=\"wp-embedded-content\" sandbox=\"allow-scripts\" security=\"restricted\" style=\"position: absolute; visibility: hidden;\" title=\"&#8220;Observatorio Fiscal: el bajo crecimiento de la construcci\u00f3n impactar\u00e1 al empleo de Armenia&#8221; &#8212; Proyecto Armenia\" src=\"https:\/\/observatorioarmenia.org\/site\/uncategorized\/observatorio-fiscal-el-bajo-crecimiento-de-la-construccion-impactara-al-empleo-de-armenia\/embed\/#?secret=dKL6ch1nrN#?secret=idQfwRgxEe\" data-secret=\"idQfwRgxEe\" width=\"600\" height=\"338\" frameborder=\"0\" marginwidth=\"0\" marginheight=\"0\" scrolling=\"no\"><\/iframe>\n<\/div><\/figure>\n\n\n\n<figure class=\"wp-block-embed is-type-wp-embed is-provider-proyecto-armenia wp-block-embed-proyecto-armenia\"><div class=\"wp-block-embed__wrapper\">\n<blockquote class=\"wp-embedded-content\" data-secret=\"EGYbtjJYsx\"><a href=\"https:\/\/observatorioarmenia.org\/site\/uncategorized\/observatorio-fiscal-la-mejora-de-competitividad-de-armenia-un-problema-de-escala-de-ciudad\/\">Observatorio Fiscal: la mejora de competitividad de Armenia, un problema de escala de ciudad<\/a><\/blockquote><iframe loading=\"lazy\" class=\"wp-embedded-content\" sandbox=\"allow-scripts\" security=\"restricted\" style=\"position: absolute; visibility: hidden;\" title=\"&#8220;Observatorio Fiscal: la mejora de competitividad de Armenia, un problema de escala de ciudad&#8221; &#8212; Proyecto Armenia\" src=\"https:\/\/observatorioarmenia.org\/site\/uncategorized\/observatorio-fiscal-la-mejora-de-competitividad-de-armenia-un-problema-de-escala-de-ciudad\/embed\/#?secret=uVOzf7hOff#?secret=EGYbtjJYsx\" data-secret=\"EGYbtjJYsx\" width=\"600\" height=\"338\" frameborder=\"0\" marginwidth=\"0\" marginheight=\"0\" scrolling=\"no\"><\/iframe>\n<\/div><\/figure>\n\n\n\n<figure class=\"wp-block-embed is-type-wp-embed is-provider-proyecto-armenia wp-block-embed-proyecto-armenia\"><div class=\"wp-block-embed__wrapper\">\n<blockquote class=\"wp-embedded-content\" data-secret=\"YUfhc4jCYp\"><a href=\"https:\/\/observatorioarmenia.org\/site\/uncategorized\/observatorio-fiscal-quindio-con-el-menor-indice-de-pobreza-energetica-de-colombia\/\">Observatorio Fiscal: Quind\u00edo con el menor \u00edndice de pobreza energ\u00e9tica de Colombia<\/a><\/blockquote><iframe loading=\"lazy\" class=\"wp-embedded-content\" sandbox=\"allow-scripts\" security=\"restricted\" style=\"position: absolute; visibility: hidden;\" title=\"&#8220;Observatorio Fiscal: Quind\u00edo con el menor \u00edndice de pobreza energ\u00e9tica de Colombia&#8221; &#8212; Proyecto Armenia\" src=\"https:\/\/observatorioarmenia.org\/site\/uncategorized\/observatorio-fiscal-quindio-con-el-menor-indice-de-pobreza-energetica-de-colombia\/embed\/#?secret=xoTuorOd8Y#?secret=YUfhc4jCYp\" data-secret=\"YUfhc4jCYp\" width=\"600\" height=\"338\" frameborder=\"0\" marginwidth=\"0\" marginheight=\"0\" scrolling=\"no\"><\/iframe>\n<\/div><\/figure>\n\n\n\n<figure class=\"wp-block-embed is-type-wp-embed is-provider-proyecto-armenia wp-block-embed-proyecto-armenia\"><div class=\"wp-block-embed__wrapper\">\n<blockquote class=\"wp-embedded-content\" data-secret=\"ScqbJUdLZo\"><a href=\"https:\/\/observatorioarmenia.org\/site\/uncategorized\/observatorio-fiscal-economia-popular-diagnostico-y-recomendacion-para-un-avance-de-ciudad\/\">Observatorio Fiscal: Econom\u00eda Popular, diagn\u00f3stico y recomendaci\u00f3n para un avance de ciudad<\/a><\/blockquote><iframe loading=\"lazy\" class=\"wp-embedded-content\" sandbox=\"allow-scripts\" security=\"restricted\" style=\"position: absolute; visibility: hidden;\" title=\"&#8220;Observatorio Fiscal: Econom\u00eda Popular, diagn\u00f3stico y recomendaci\u00f3n para un avance de ciudad&#8221; &#8212; Proyecto Armenia\" src=\"https:\/\/observatorioarmenia.org\/site\/uncategorized\/observatorio-fiscal-economia-popular-diagnostico-y-recomendacion-para-un-avance-de-ciudad\/embed\/#?secret=tjuwwDr5jq#?secret=ScqbJUdLZo\" data-secret=\"ScqbJUdLZo\" width=\"600\" height=\"338\" frameborder=\"0\" marginwidth=\"0\" marginheight=\"0\" scrolling=\"no\"><\/iframe>\n<\/div><\/figure>\n\n\n\n<figure class=\"wp-block-embed is-type-wp-embed is-provider-proyecto-armenia wp-block-embed-proyecto-armenia\"><div class=\"wp-block-embed__wrapper\">\n<blockquote class=\"wp-embedded-content\" data-secret=\"80C34JC0ax\"><a href=\"https:\/\/observatorioarmenia.org\/site\/uncategorized\/observatorio-fiscal-indice-de-desempeno-fiscal-2022-parte-ii\/\">Observatorio Fiscal: \u00cdndice de Desempe\u00f1o Fiscal 2022 (parte II)<\/a><\/blockquote><iframe loading=\"lazy\" class=\"wp-embedded-content\" sandbox=\"allow-scripts\" security=\"restricted\" style=\"position: absolute; visibility: hidden;\" title=\"&#8220;Observatorio Fiscal: \u00cdndice de Desempe\u00f1o Fiscal 2022 (parte II)&#8221; &#8212; Proyecto Armenia\" src=\"https:\/\/observatorioarmenia.org\/site\/uncategorized\/observatorio-fiscal-indice-de-desempeno-fiscal-2022-parte-ii\/embed\/#?secret=A9dfK8PO1n#?secret=80C34JC0ax\" data-secret=\"80C34JC0ax\" width=\"600\" height=\"338\" frameborder=\"0\" marginwidth=\"0\" marginheight=\"0\" scrolling=\"no\"><\/iframe>\n<\/div><\/figure>\n\n\n\n<figure class=\"wp-block-embed is-type-wp-embed is-provider-proyecto-armenia wp-block-embed-proyecto-armenia\"><div class=\"wp-block-embed__wrapper\">\n<blockquote class=\"wp-embedded-content\" data-secret=\"VaZPvOKfea\"><a href=\"https:\/\/observatorioarmenia.org\/site\/uncategorized\/observatorio-fiscal-indice-de-desempeno-fiscal-idf-2022\/\">Observatorio Fiscal: \u00edndice de desempe\u00f1o fiscal IDF 2022<\/a><\/blockquote><iframe loading=\"lazy\" class=\"wp-embedded-content\" sandbox=\"allow-scripts\" security=\"restricted\" style=\"position: absolute; visibility: hidden;\" title=\"&#8220;Observatorio Fiscal: \u00edndice de desempe\u00f1o fiscal IDF 2022&#8221; &#8212; Proyecto Armenia\" src=\"https:\/\/observatorioarmenia.org\/site\/uncategorized\/observatorio-fiscal-indice-de-desempeno-fiscal-idf-2022\/embed\/#?secret=oJc2iOCTdg#?secret=VaZPvOKfea\" data-secret=\"VaZPvOKfea\" width=\"600\" height=\"338\" frameborder=\"0\" marginwidth=\"0\" marginheight=\"0\" scrolling=\"no\"><\/iframe>\n<\/div><\/figure>\n\n\n\n<figure class=\"wp-block-embed is-type-wp-embed is-provider-proyecto-armenia wp-block-embed-proyecto-armenia\"><div class=\"wp-block-embed__wrapper\">\n<blockquote class=\"wp-embedded-content\" data-secret=\"P1Hec8FAzg\"><a href=\"https:\/\/observatorioarmenia.org\/site\/uncategorized\/observatorio-fiscal-indice-de-calidad-del-trabajo\/\">Observatorio Fiscal: \u00edndice de calidad del trabajo. Armenia con buenos resultados.<\/a><\/blockquote><iframe loading=\"lazy\" class=\"wp-embedded-content\" sandbox=\"allow-scripts\" security=\"restricted\" style=\"position: absolute; visibility: hidden;\" title=\"&#8220;Observatorio Fiscal: \u00edndice de calidad del trabajo. Armenia con buenos resultados.&#8221; &#8212; Proyecto Armenia\" src=\"https:\/\/observatorioarmenia.org\/site\/uncategorized\/observatorio-fiscal-indice-de-calidad-del-trabajo\/embed\/#?secret=zHc6JnHspq#?secret=P1Hec8FAzg\" data-secret=\"P1Hec8FAzg\" width=\"600\" height=\"338\" frameborder=\"0\" marginwidth=\"0\" marginheight=\"0\" scrolling=\"no\"><\/iframe>\n<\/div><\/figure>\n\n\n\n<figure class=\"wp-block-embed is-type-wp-embed is-provider-proyecto-armenia wp-block-embed-proyecto-armenia\"><div class=\"wp-block-embed__wrapper\">\n<blockquote class=\"wp-embedded-content\" data-secret=\"fJDWYhUPDL\"><a href=\"https:\/\/observatorioarmenia.org\/site\/uncategorized\/observatorio-fiscal-el-aumento-del-salario-minimo-en-2024\/\">Observatorio Fiscal: el aumento del salario m\u00ednimo en 2024<\/a><\/blockquote><iframe loading=\"lazy\" class=\"wp-embedded-content\" sandbox=\"allow-scripts\" security=\"restricted\" style=\"position: absolute; visibility: hidden;\" title=\"&#8220;Observatorio Fiscal: el aumento del salario m\u00ednimo en 2024&#8221; &#8212; Proyecto Armenia\" src=\"https:\/\/observatorioarmenia.org\/site\/uncategorized\/observatorio-fiscal-el-aumento-del-salario-minimo-en-2024\/embed\/#?secret=iTYaDWUDtP#?secret=fJDWYhUPDL\" data-secret=\"fJDWYhUPDL\" width=\"600\" height=\"338\" frameborder=\"0\" marginwidth=\"0\" marginheight=\"0\" scrolling=\"no\"><\/iframe>\n<\/div><\/figure>\n\n\n\n<figure class=\"wp-block-embed is-type-wp-embed is-provider-proyecto-armenia wp-block-embed-proyecto-armenia\"><div class=\"wp-block-embed__wrapper\">\n<blockquote class=\"wp-embedded-content\" data-secret=\"wQyLw1YGhF\"><a href=\"https:\/\/observatorioarmenia.org\/site\/uncategorized\/observatorio-fiscal-pobreza-monetaria-en-2022-en-armenia-33-5-ibague-40-9-manizales-20-6-y-pereira-29-8\/\">Observatorio Fiscal: pobreza monetaria en 2022 en Armenia 33.5%, Ibagu\u00e9 40.9%, Manizales 20.6% y Pereira 29.8%<\/a><\/blockquote><iframe loading=\"lazy\" class=\"wp-embedded-content\" sandbox=\"allow-scripts\" security=\"restricted\" style=\"position: absolute; visibility: hidden;\" title=\"&#8220;Observatorio Fiscal: pobreza monetaria en 2022 en Armenia 33.5%, Ibagu\u00e9 40.9%, Manizales 20.6% y Pereira 29.8%&#8221; &#8212; Proyecto Armenia\" src=\"https:\/\/observatorioarmenia.org\/site\/uncategorized\/observatorio-fiscal-pobreza-monetaria-en-2022-en-armenia-33-5-ibague-40-9-manizales-20-6-y-pereira-29-8\/embed\/#?secret=DqzoCpIIll#?secret=wQyLw1YGhF\" data-secret=\"wQyLw1YGhF\" width=\"600\" height=\"338\" frameborder=\"0\" marginwidth=\"0\" marginheight=\"0\" scrolling=\"no\"><\/iframe>\n<\/div><\/figure>\n\n\n\n<figure class=\"wp-block-embed is-type-wp-embed is-provider-proyecto-armenia wp-block-embed-proyecto-armenia\"><div class=\"wp-block-embed__wrapper\">\n<blockquote class=\"wp-embedded-content\" data-secret=\"Qle373Wc2y\"><a href=\"https:\/\/observatorioarmenia.org\/site\/uncategorized\/observatorio-fiscal-el-efecto-de-las-remesas-en-el-mercado-laboral-de-armenia\/\">Observatorio Fiscal: el efecto de las remesas en el mercado laboral de Armenia<\/a><\/blockquote><iframe loading=\"lazy\" class=\"wp-embedded-content\" sandbox=\"allow-scripts\" security=\"restricted\" style=\"position: absolute; visibility: hidden;\" title=\"&#8220;Observatorio Fiscal: el efecto de las remesas en el mercado laboral de Armenia&#8221; &#8212; Proyecto Armenia\" src=\"https:\/\/observatorioarmenia.org\/site\/uncategorized\/observatorio-fiscal-el-efecto-de-las-remesas-en-el-mercado-laboral-de-armenia\/embed\/#?secret=ImLE62RA5g#?secret=Qle373Wc2y\" data-secret=\"Qle373Wc2y\" width=\"600\" height=\"338\" frameborder=\"0\" marginwidth=\"0\" marginheight=\"0\" scrolling=\"no\"><\/iframe>\n<\/div><\/figure>\n\n\n\n<figure class=\"wp-block-embed is-type-wp-embed is-provider-proyecto-armenia wp-block-embed-proyecto-armenia\"><div class=\"wp-block-embed__wrapper\">\n<blockquote class=\"wp-embedded-content\" data-secret=\"WQ0PfTs3pf\"><a href=\"https:\/\/observatorioarmenia.org\/site\/uncategorized\/observatorio-fiscal-indice-de-malestar-economico-para-armenia-2018-2023-i\/\">Observatorio Fiscal: \u00cdndice de Malestar Econ\u00f3mico para Armenia 2018-2023 I<\/a><\/blockquote><iframe loading=\"lazy\" class=\"wp-embedded-content\" sandbox=\"allow-scripts\" security=\"restricted\" style=\"position: absolute; visibility: hidden;\" title=\"&#8220;Observatorio Fiscal: \u00cdndice de Malestar Econ\u00f3mico para Armenia 2018-2023 I&#8221; &#8212; Proyecto Armenia\" src=\"https:\/\/observatorioarmenia.org\/site\/uncategorized\/observatorio-fiscal-indice-de-malestar-economico-para-armenia-2018-2023-i\/embed\/#?secret=ZG8OkzRxh1#?secret=WQ0PfTs3pf\" data-secret=\"WQ0PfTs3pf\" width=\"600\" height=\"338\" frameborder=\"0\" marginwidth=\"0\" marginheight=\"0\" scrolling=\"no\"><\/iframe>\n<\/div><\/figure>\n\n\n\n<figure class=\"wp-block-embed is-type-wp-embed is-provider-proyecto-armenia wp-block-embed-proyecto-armenia\"><div class=\"wp-block-embed__wrapper\">\n<blockquote class=\"wp-embedded-content\" data-secret=\"awzHvIwRws\"><a href=\"https:\/\/observatorioarmenia.org\/site\/uncategorized\/observatorio-fiscal-crecimiento-real-del-valor-agregado-del-quindio-7-6-y-armenia-8-1\/\">Observatorio Fiscal: Crecimiento real del Valor Agregado 2022 para el Quind\u00edo (7.6%) y Armenia (8.1%)<\/a><\/blockquote><iframe loading=\"lazy\" class=\"wp-embedded-content\" sandbox=\"allow-scripts\" security=\"restricted\" style=\"position: absolute; visibility: hidden;\" title=\"&#8220;Observatorio Fiscal: Crecimiento real del Valor Agregado 2022 para el Quind\u00edo (7.6%) y Armenia (8.1%)&#8221; &#8212; Proyecto Armenia\" src=\"https:\/\/observatorioarmenia.org\/site\/uncategorized\/observatorio-fiscal-crecimiento-real-del-valor-agregado-del-quindio-7-6-y-armenia-8-1\/embed\/#?secret=1Oi0u0q7aH#?secret=awzHvIwRws\" data-secret=\"awzHvIwRws\" width=\"600\" height=\"338\" frameborder=\"0\" marginwidth=\"0\" marginheight=\"0\" scrolling=\"no\"><\/iframe>\n<\/div><\/figure>\n\n\n\n<figure class=\"wp-block-embed is-type-wp-embed is-provider-proyecto-armenia wp-block-embed-proyecto-armenia\"><div class=\"wp-block-embed__wrapper\">\n<blockquote class=\"wp-embedded-content\" data-secret=\"fhWXAkvCKI\"><a href=\"https:\/\/observatorioarmenia.org\/site\/uncategorized\/observatorio-fiscal-impacto-del-corte-en-el-suministro-de-gas-natural-en-armenia\/\">Observatorio Fiscal: impacto del corte en el suministro de gas natural en Armenia<\/a><\/blockquote><iframe loading=\"lazy\" class=\"wp-embedded-content\" sandbox=\"allow-scripts\" security=\"restricted\" style=\"position: absolute; visibility: hidden;\" title=\"&#8220;Observatorio Fiscal: impacto del corte en el suministro de gas natural en Armenia&#8221; &#8212; Proyecto Armenia\" src=\"https:\/\/observatorioarmenia.org\/site\/uncategorized\/observatorio-fiscal-impacto-del-corte-en-el-suministro-de-gas-natural-en-armenia\/embed\/#?secret=yZN1gPu8mA#?secret=fhWXAkvCKI\" data-secret=\"fhWXAkvCKI\" width=\"600\" height=\"338\" frameborder=\"0\" marginwidth=\"0\" marginheight=\"0\" scrolling=\"no\"><\/iframe>\n<\/div><\/figure>\n\n\n\n<figure class=\"wp-block-embed is-type-wp-embed is-provider-proyecto-armenia wp-block-embed-proyecto-armenia\"><div class=\"wp-block-embed__wrapper\">\n<blockquote class=\"wp-embedded-content\" data-secret=\"6XNfl74Ke7\"><a href=\"https:\/\/observatorioarmenia.org\/site\/uncategorized\/observatorio-fiscal-efecto-economico-de-la-caida-del-puente-el-alambrado\/\">Observatorio Fiscal: Efecto econ\u00f3mico de la ca\u00edda del puente el Alambrado<\/a><\/blockquote><iframe loading=\"lazy\" class=\"wp-embedded-content\" sandbox=\"allow-scripts\" security=\"restricted\" style=\"position: absolute; visibility: hidden;\" title=\"&#8220;Observatorio Fiscal: Efecto econ\u00f3mico de la ca\u00edda del puente el Alambrado&#8221; &#8212; Proyecto Armenia\" src=\"https:\/\/observatorioarmenia.org\/site\/uncategorized\/observatorio-fiscal-efecto-economico-de-la-caida-del-puente-el-alambrado\/embed\/#?secret=I7VlTuLcIp#?secret=6XNfl74Ke7\" data-secret=\"6XNfl74Ke7\" width=\"600\" height=\"338\" frameborder=\"0\" marginwidth=\"0\" marginheight=\"0\" scrolling=\"no\"><\/iframe>\n<\/div><\/figure>\n\n\n\n<figure class=\"wp-block-embed is-type-wp-embed is-provider-proyecto-armenia wp-block-embed-proyecto-armenia\"><div class=\"wp-block-embed__wrapper\">\n<blockquote class=\"wp-embedded-content\" data-secret=\"lkjZT3yon4\"><a href=\"https:\/\/observatorioarmenia.org\/site\/uncategorized\/observatorio-fiscal-impacto-de-la-actualizacion-catastral-en-los-locales-comerciales-de-armenia\/\">Observatorio Fiscal: impacto de la actualizaci\u00f3n catastral en los locales comerciales de Armenia<\/a><\/blockquote><iframe loading=\"lazy\" class=\"wp-embedded-content\" sandbox=\"allow-scripts\" security=\"restricted\" style=\"position: absolute; visibility: hidden;\" title=\"&#8220;Observatorio Fiscal: impacto de la actualizaci\u00f3n catastral en los locales comerciales de Armenia&#8221; &#8212; Proyecto Armenia\" src=\"https:\/\/observatorioarmenia.org\/site\/uncategorized\/observatorio-fiscal-impacto-de-la-actualizacion-catastral-en-los-locales-comerciales-de-armenia\/embed\/#?secret=bus0SMMxNW#?secret=lkjZT3yon4\" data-secret=\"lkjZT3yon4\" width=\"600\" height=\"338\" frameborder=\"0\" marginwidth=\"0\" marginheight=\"0\" scrolling=\"no\"><\/iframe>\n<\/div><\/figure>\n\n\n\n<figure class=\"wp-block-embed is-type-wp-embed is-provider-proyecto-armenia wp-block-embed-proyecto-armenia\"><div class=\"wp-block-embed__wrapper\">\n<blockquote class=\"wp-embedded-content\" data-secret=\"pfY9vz7M8j\"><a href=\"https:\/\/observatorioarmenia.org\/site\/uncategorized\/observatorio-fiscal-impacto-de-la-actualizacion-catastral-en-los-hogares-de-armenia\/\">Observatorio Fiscal: impacto de la actualizaci\u00f3n catastral en los hogares de Armenia<\/a><\/blockquote><iframe loading=\"lazy\" class=\"wp-embedded-content\" sandbox=\"allow-scripts\" security=\"restricted\" style=\"position: absolute; visibility: hidden;\" title=\"&#8220;Observatorio Fiscal: impacto de la actualizaci\u00f3n catastral en los hogares de Armenia&#8221; &#8212; Proyecto Armenia\" src=\"https:\/\/observatorioarmenia.org\/site\/uncategorized\/observatorio-fiscal-impacto-de-la-actualizacion-catastral-en-los-hogares-de-armenia\/embed\/#?secret=wjRI7UwPPd#?secret=pfY9vz7M8j\" data-secret=\"pfY9vz7M8j\" width=\"600\" height=\"338\" frameborder=\"0\" marginwidth=\"0\" marginheight=\"0\" scrolling=\"no\"><\/iframe>\n<\/div><\/figure>\n\n\n\n<figure class=\"wp-block-embed is-type-wp-embed is-provider-proyecto-armenia wp-block-embed-proyecto-armenia\"><div class=\"wp-block-embed__wrapper\">\n<blockquote class=\"wp-embedded-content\" data-secret=\"CXES2AWDel\"><a href=\"https:\/\/observatorioarmenia.org\/site\/uncategorized\/observatorio-fiscal-es-viable-la-contratacion-por-planta-temporal\/\">Observatorio Fiscal: \u00bfes viable la contrataci\u00f3n por planta temporal?<\/a><\/blockquote><iframe loading=\"lazy\" class=\"wp-embedded-content\" sandbox=\"allow-scripts\" security=\"restricted\" style=\"position: absolute; visibility: hidden;\" title=\"&#8220;Observatorio Fiscal: \u00bfes viable la contrataci\u00f3n por planta temporal?&#8221; &#8212; Proyecto Armenia\" src=\"https:\/\/observatorioarmenia.org\/site\/uncategorized\/observatorio-fiscal-es-viable-la-contratacion-por-planta-temporal\/embed\/#?secret=BIWTwrVKwM#?secret=CXES2AWDel\" data-secret=\"CXES2AWDel\" width=\"600\" height=\"338\" frameborder=\"0\" marginwidth=\"0\" marginheight=\"0\" scrolling=\"no\"><\/iframe>\n<\/div><\/figure>\n\n\n\n<figure class=\"wp-block-embed is-type-wp-embed is-provider-proyecto-armenia wp-block-embed-proyecto-armenia\"><div class=\"wp-block-embed__wrapper\">\n<blockquote class=\"wp-embedded-content\" data-secret=\"Ib6E8Stqcm\"><a href=\"https:\/\/observatorioarmenia.org\/site\/uncategorized\/observatorio-fiscal-los-juegos-nacionales-garantizan-un-mayor-crecimiento-del-valor-agregado-de-armenia\/\">Observatorio Fiscal: los juegos nacionales garantizan un mayor crecimiento del valor agregado de Armenia<\/a><\/blockquote><iframe loading=\"lazy\" class=\"wp-embedded-content\" sandbox=\"allow-scripts\" security=\"restricted\" style=\"position: absolute; visibility: hidden;\" title=\"&#8220;Observatorio Fiscal: los juegos nacionales garantizan un mayor crecimiento del valor agregado de Armenia&#8221; &#8212; Proyecto Armenia\" src=\"https:\/\/observatorioarmenia.org\/site\/uncategorized\/observatorio-fiscal-los-juegos-nacionales-garantizan-un-mayor-crecimiento-del-valor-agregado-de-armenia\/embed\/#?secret=HQM051vX12#?secret=Ib6E8Stqcm\" data-secret=\"Ib6E8Stqcm\" width=\"600\" height=\"338\" frameborder=\"0\" marginwidth=\"0\" marginheight=\"0\" scrolling=\"no\"><\/iframe>\n<\/div><\/figure>\n\n\n\n<p><strong>Notas del Observatorio Fiscal del a\u00f1o 2022:<\/strong><\/p>\n\n\n\n<p>Impacto de las iluminaciones en la ciudad de Armenia: conozca c\u00f3mo se calcul\u00f3 el impacto que tienen las iluminaciones navide\u00f1az en la ciudad de Armenia.<\/p>\n\n\n\n<div data-wp-interactive=\"core\/file\" class=\"wp-block-file\"><object data-wp-bind--hidden=\"!state.hasPdfPreview\" hidden class=\"wp-block-file__embed\" data=\"https:\/\/observatorioarmenia.org\/site\/wp-content\/uploads\/2023\/03\/1.-IMPACTO-DE-LAS-ILUMINACIONES-EN-LA-CIUDAD-DE-ARMENIA-25-11-2022.pdf\" type=\"application\/pdf\" style=\"width:100%;height:600px\" aria-label=\"Incrustado de 1.-IMPACTO-DE-LAS-ILUMINACIONES-EN-LA-CIUDAD-DE-ARMENIA-25-11-2022.\"><\/object><a id=\"wp-block-file--media-9c4cf54d-094f-4789-9d97-e1a919afdd24\" href=\"https:\/\/observatorioarmenia.org\/site\/wp-content\/uploads\/2023\/03\/1.-IMPACTO-DE-LAS-ILUMINACIONES-EN-LA-CIUDAD-DE-ARMENIA-25-11-2022.pdf\">1.-IMPACTO-DE-LAS-ILUMINACIONES-EN-LA-CIUDAD-DE-ARMENIA-25-11-2022<\/a><a href=\"https:\/\/observatorioarmenia.org\/site\/wp-content\/uploads\/2023\/03\/1.-IMPACTO-DE-LAS-ILUMINACIONES-EN-LA-CIUDAD-DE-ARMENIA-25-11-2022.pdf\" class=\"wp-block-file__button wp-element-button\" download aria-describedby=\"wp-block-file--media-9c4cf54d-094f-4789-9d97-e1a919afdd24\">Descarga<\/a><\/div>\n\n\n\n<p>Indice de desempe\u00f1o fiscal de Armenia: an\u00e1lisis sobre los resultados del \u00edndice de desempe\u00f1o fiscal para la ciudad de Armenia del a\u00f1o 2021.<\/p>\n\n\n\n<div data-wp-interactive=\"core\/file\" class=\"wp-block-file\"><object data-wp-bind--hidden=\"!state.hasPdfPreview\" hidden class=\"wp-block-file__embed\" data=\"https:\/\/observatorioarmenia.org\/site\/wp-content\/uploads\/2023\/03\/2.-INDICE-DE-DESEMPENO-FISCAL-2021-25-08-2022.pdf\" type=\"application\/pdf\" style=\"width:100%;height:600px\" aria-label=\"Incrustado de 2.-INDICE-DE-DESEMPENO-FISCAL-2021-25-08-2022.\"><\/object><a id=\"wp-block-file--media-92d65e1a-d707-41e6-9c01-dd6d024a0276\" href=\"https:\/\/observatorioarmenia.org\/site\/wp-content\/uploads\/2023\/03\/2.-INDICE-DE-DESEMPENO-FISCAL-2021-25-08-2022.pdf\">2.-INDICE-DE-DESEMPENO-FISCAL-2021-25-08-2022<\/a><a href=\"https:\/\/observatorioarmenia.org\/site\/wp-content\/uploads\/2023\/03\/2.-INDICE-DE-DESEMPENO-FISCAL-2021-25-08-2022.pdf\" class=\"wp-block-file__button wp-element-button\" download aria-describedby=\"wp-block-file--media-92d65e1a-d707-41e6-9c01-dd6d024a0276\">Descarga<\/a><\/div>\n\n\n\n<p>Factores que presionan los precios al alza en el a\u00f1o 2023: an\u00e1lisis de los diversos factores macro y micro econ\u00f3micos que est\u00e1n presionando los precios al alza durante 2023 y que impiden que la inflaci\u00f3n se ajuste de manera r\u00e1pida.<\/p>\n\n\n\n<div data-wp-interactive=\"core\/file\" class=\"wp-block-file\"><object data-wp-bind--hidden=\"!state.hasPdfPreview\" hidden class=\"wp-block-file__embed\" data=\"https:\/\/observatorioarmenia.org\/site\/wp-content\/uploads\/2023\/03\/3.-FACTORES-QUE-PRESIONAN-LOS-PRECIOS-AL-ALZA-EN-EL-ANO-2023-13-10-2022.pdf\" type=\"application\/pdf\" style=\"width:100%;height:600px\" aria-label=\"Incrustado de 3.-FACTORES-QUE-PRESIONAN-LOS-PRECIOS-AL-ALZA-EN-EL-ANO-2023-13-10-2022.\"><\/object><a id=\"wp-block-file--media-227951a4-2989-4370-99d5-df46a77069de\" href=\"https:\/\/observatorioarmenia.org\/site\/wp-content\/uploads\/2023\/03\/3.-FACTORES-QUE-PRESIONAN-LOS-PRECIOS-AL-ALZA-EN-EL-ANO-2023-13-10-2022.pdf\">3.-FACTORES-QUE-PRESIONAN-LOS-PRECIOS-AL-ALZA-EN-EL-ANO-2023-13-10-2022<\/a><a href=\"https:\/\/observatorioarmenia.org\/site\/wp-content\/uploads\/2023\/03\/3.-FACTORES-QUE-PRESIONAN-LOS-PRECIOS-AL-ALZA-EN-EL-ANO-2023-13-10-2022.pdf\" class=\"wp-block-file__button wp-element-button\" download aria-describedby=\"wp-block-file--media-227951a4-2989-4370-99d5-df46a77069de\">Descarga<\/a><\/div>\n\n\n\n<p>El impacto de la variables macroecon\u00f3mica en el recuado de impuesto ICA y Predial: mediante an\u00e1lisis de series temporales se determin\u00f3 cual el es el impacto que tiene el PIB de la ciudad, el desempleo y la inflaci\u00f3n en el recaudo de los impuestos de ICA y Predial.<\/p>\n\n\n\n<div data-wp-interactive=\"core\/file\" class=\"wp-block-file\"><object data-wp-bind--hidden=\"!state.hasPdfPreview\" hidden class=\"wp-block-file__embed\" data=\"https:\/\/observatorioarmenia.org\/site\/wp-content\/uploads\/2023\/03\/4.-EL-IMPACTO-DE-LAS-VARIABLES-MACROECONOMICAS-EN-EL-RECAUDO-15-09-2022.pdf\" type=\"application\/pdf\" style=\"width:100%;height:600px\" aria-label=\"Incrustado de 4.-EL-IMPACTO-DE-LAS-VARIABLES-MACROECONOMICAS-EN-EL-RECAUDO-15-09-2022.\"><\/object><a id=\"wp-block-file--media-16714583-2f23-4a9e-a046-f1bff0b4bd6c\" href=\"https:\/\/observatorioarmenia.org\/site\/wp-content\/uploads\/2023\/03\/4.-EL-IMPACTO-DE-LAS-VARIABLES-MACROECONOMICAS-EN-EL-RECAUDO-15-09-2022.pdf\">4.-EL-IMPACTO-DE-LAS-VARIABLES-MACROECONOMICAS-EN-EL-RECAUDO-15-09-2022<\/a><a href=\"https:\/\/observatorioarmenia.org\/site\/wp-content\/uploads\/2023\/03\/4.-EL-IMPACTO-DE-LAS-VARIABLES-MACROECONOMICAS-EN-EL-RECAUDO-15-09-2022.pdf\" class=\"wp-block-file__button wp-element-button\" download aria-describedby=\"wp-block-file--media-16714583-2f23-4a9e-a046-f1bff0b4bd6c\">Descarga<\/a><\/div>\n\n\n\n<p>Articulaci\u00f3n de los Observatorio de la Secretar\u00eda de Hacienda: identifique como los diferentes Observatorios de la Secretar\u00eda de Hacienda de Armenia se articulan para proveer a la ciudad de datos y apoyo a la toma de decisiones.<\/p>\n\n\n\n<div data-wp-interactive=\"core\/file\" class=\"wp-block-file\"><object data-wp-bind--hidden=\"!state.hasPdfPreview\" hidden class=\"wp-block-file__embed\" data=\"https:\/\/observatorioarmenia.org\/site\/wp-content\/uploads\/2023\/03\/5.-ARTICULACION-DE-LOS-OBSERVATORIOS-DE-LA-SECRETARIA-DE-HACIENDA-DE-ARMENIA-01-08-2022.pdf\" type=\"application\/pdf\" style=\"width:100%;height:600px\" aria-label=\"Incrustado de 5.-ARTICULACION-DE-LOS-OBSERVATORIOS-DE-LA-SECRETARIA-DE-HACIENDA-DE-ARMENIA-01-08-2022.\"><\/object><a id=\"wp-block-file--media-ba2582a3-10be-4f00-a010-5d29d01703de\" href=\"https:\/\/observatorioarmenia.org\/site\/wp-content\/uploads\/2023\/03\/5.-ARTICULACION-DE-LOS-OBSERVATORIOS-DE-LA-SECRETARIA-DE-HACIENDA-DE-ARMENIA-01-08-2022.pdf\">5.-ARTICULACION-DE-LOS-OBSERVATORIOS-DE-LA-SECRETARIA-DE-HACIENDA-DE-ARMENIA-01-08-2022<\/a><a href=\"https:\/\/observatorioarmenia.org\/site\/wp-content\/uploads\/2023\/03\/5.-ARTICULACION-DE-LOS-OBSERVATORIOS-DE-LA-SECRETARIA-DE-HACIENDA-DE-ARMENIA-01-08-2022.pdf\" class=\"wp-block-file__button wp-element-button\" download aria-describedby=\"wp-block-file--media-ba2582a3-10be-4f00-a010-5d29d01703de\">Descarga<\/a><\/div>\n","protected":false},"excerpt":{"rendered":"<p>Consulte las notas del Observatorio Fiscal de la Secretar\u00eda de Hacienda de Armenia: Notas del Observatorio Fiscal del a\u00f1o 2022: Impacto de las iluminaciones en la ciudad de Armenia: conozca c\u00f3mo se calcul\u00f3 el impacto que tienen las iluminaciones navide\u00f1az en la ciudad de Armenia. Indice de desempe\u00f1o fiscal de<\/p>\n<div class=\"continue-reading-wrapper\"><a href=\"https:\/\/observatorioarmenia.org\/site\/2-1-observatorio-fiscal\/\" class=\"continue-reading\">Ampliar informaci\u00f3n<i class=\"ion-ios-arrow-right\"><\/i><\/a><\/div>\n","protected":false},"author":1,"featured_media":0,"parent":0,"menu_order":0,"comment_status":"closed","ping_status":"closed","template":"","meta":{"footnotes":""},"class_list":["post-1355","page","type-page","status-publish","hentry"],"_links":{"self":[{"href":"https:\/\/observatorioarmenia.org\/site\/wp-json\/wp\/v2\/pages\/1355","targetHints":{"allow":["GET"]}}],"collection":[{"href":"https:\/\/observatorioarmenia.org\/site\/wp-json\/wp\/v2\/pages"}],"about":[{"href":"https:\/\/observatorioarmenia.org\/site\/wp-json\/wp\/v2\/types\/page"}],"author":[{"embeddable":true,"href":"https:\/\/observatorioarmenia.org\/site\/wp-json\/wp\/v2\/users\/1"}],"replies":[{"embeddable":true,"href":"https:\/\/observatorioarmenia.org\/site\/wp-json\/wp\/v2\/comments?post=1355"}],"version-history":[{"count":90,"href":"https:\/\/observatorioarmenia.org\/site\/wp-json\/wp\/v2\/pages\/1355\/revisions"}],"predecessor-version":[{"id":7829,"href":"https:\/\/observatorioarmenia.org\/site\/wp-json\/wp\/v2\/pages\/1355\/revisions\/7829"}],"wp:attachment":[{"href":"https:\/\/observatorioarmenia.org\/site\/wp-json\/wp\/v2\/media?parent=1355"}],"curies":[{"name":"wp","href":"https:\/\/api.w.org\/{rel}","templated":true}]}}